{"id":2,"date":"2019-10-10T08:21:30","date_gmt":"2019-10-10T08:21:30","guid":{"rendered":"https:\/\/www.wewillrockyou-themusical.it\/?page_id=2"},"modified":"2026-02-12T12:13:54","modified_gmt":"2026-02-12T11:13:54","slug":"sample-page","status":"publish","type":"page","link":"https:\/\/www.wewillrockyou-themusical.it\/","title":{"rendered":"Home"},"content":{"rendered":"<div class=\"wpb-content-wrapper\"><p>[vc_row bg_type=&#8221;bg_color&#8221; bg_override=&#8221;ex-full&#8221; bg_color_value=&#8221;#000000&#8243;][vc_column width=&#8221;2\/3&#8243;][vc_custom_heading text=&#8221;&#8220;WE WILL ROCK YOU&#8220;, LA &#8220;ROCK OPERA&#8220; CON I SUCCESSI DEI QUEEN TORNA IN TOUR IN ITALIA CON UN ALLESTIMENTO TUTTO NUOVO (NO REPLICA)&#8221; font_container=&#8221;tag:h4|text_align:left|color:%23ff9900&#8243; el_class=&#8221;titleWwry&#8221;][vc_column_text el_class=&#8221;textInizialeWwry&#8221;]We Will Rock You &#8211; The Musical \u00e8 la storia emozionante di Galileo e di Scaramouche che, insieme ai ribelli Bohemians, in una societ\u00e0 futuribile \u2013 declinazione possibile di quella attuale \u2013 riportano l\u2019Amore, la Musica dal Vivo e la Bellezza al centro della loro vita, con l\u2019innocenza, la determinazione e l\u2019audacia che solo uomini coraggiosi e ragazzi nel loro processo di crescita sanno tirar fuori.<\/p>\n<p>In una societ\u00e0 omologata e dominata da una sola multinazionale che governa il mondo in maniera scellerata, i due protagonisti attraverso la conoscenza e la musica intraprendono una battaglia per risvegliare le coscienze\u00a0 e per dare un futuro diverso, possibilmente migliore, all\u2019umanit\u00e0 e al pianeta.<span class=\"Apple-converted-space\">\u00a0<\/span><\/p>\n<p>\u00abIl futuro non \u00e8 scritto il futuro dipende da tutti noi.\u00bb<\/p>\n<p>We will Rock You \u00e8 il racconto di una grande storia d\u2019amore: per la Musica, per la Libert\u00e0, intesa come possibile personale ricerca della Felicit\u00e0. In senso pi\u00f9 ampio \u00e8 il racconto dell\u2019amore per la Vita che comprende valori come rispetto, inclusione e reale condivisione di scopi comuni e che pu\u00f2 vantare come elemento portante della narrazione le splendide canzoni dei QUEEN.[\/vc_column_text][\/vc_column][vc_column width=&#8221;1\/3&#8243;][vc_single_image image=&#8221;578&#8243; img_size=&#8221;medium&#8221; alignment=&#8221;center&#8221; el_class=&#8221;imgIniziale&#8221;][\/vc_column][\/vc_row][vc_row css=&#8221;.vc_custom_1770894831229{background-image: url(https:\/\/www.wewillrockyou-themusical.it\/wp-content\/uploads\/2019\/10\/sfondo-tappe.png?id=40) !important;background-position: center !important;background-repeat: no-repeat !important;background-size: cover !important;}&#8221;][vc_column][vc_column_text]<a id=\"date\" name=\"date\"><\/a>[\/vc_column_text][vc_custom_heading text=&#8221;SCOPRI LE TAPPE DEL TOUR&#8221; font_container=&#8221;tag:h3|text_align:center|color:%23ff9900&#8243; el_class=&#8221;titleTappeTour&#8221;]<div id=\"mec_skin_11\" class=\"mec-wrap   mec-full-calendar-wrap\">\r\n    \r\n    <div class=\"mec-search-form mec-totalcal-box\">\r\n                                    <div id=\"mec_search_form_11\" >\r\n                                                                                <\/div>\r\n        <div id=\"mec_search_form_11\">\r\n                            <div class=\"col-md-3\">\r\n                <div class=\"mec-date-search\"><input type=\"hidden\" id=\"mec-filter-none\" value=\"Select\">\r\n                    <i class=\"mec-sl-calendar\"><\/i>\r\n                    <select id=\"mec_sf_month_11\"><option class=\"mec-none-item\" value=\"none\" selected=\"selected\">Select<\/option><option value=\"01\" >Gennaio<\/option><option value=\"02\" >Febbraio<\/option><option value=\"03\" >Marzo<\/option><option value=\"04\" >Aprile<\/option><option value=\"05\" >Maggio<\/option><option value=\"06\" >Giugno<\/option><option value=\"07\" >Luglio<\/option><option value=\"08\" >Agosto<\/option><option value=\"09\" >Settembre<\/option><option value=\"10\" >Ottobre<\/option><option value=\"11\" >Novembre<\/option><option value=\"12\" >Dicembre<\/option><\/select><select id=\"mec_sf_year_11\"><option class=\"mec-none-item\" value=\"none\" selected=\"selected\">Select<\/option><option value=\"2019\" >2019<\/option><option value=\"2020\" >2020<\/option><option value=\"2021\" >2021<\/option><option value=\"2022\" >2022<\/option><option value=\"2023\" >2023<\/option><option value=\"2024\" >2024<\/option><option value=\"2025\" >2025<\/option><option value=\"2026\" >2026<\/option><option value=\"2027\" >2027<\/option><option value=\"2028\" >2028<\/option><option value=\"2029\" >2029<\/option><option value=\"2030\" >2030<\/option><\/select><\/div>            <\/div>\r\n                    <div class=\"col-md-4\">\r\n                                    <div class=\"mec-text-input-search\">\r\n                    <i class=\"mec-sl-magnifier\"><\/i>\r\n                    <input type=\"search\" value=\"\" id=\"mec_sf_s_11\" \/>\r\n                <\/div>                            <\/div>        \r\n                <\/div>\r\n        <div class=\"col-md-5\">\r\n            <div class=\"mec-totalcal-view\">\r\n                                <span class=\"mec-totalcal-monthlyview\" data-skin=\"monthly\">Mensile<\/span>                <span class=\"mec-totalcal-weeklyview\" data-skin=\"weekly\">Settimanale<\/span>                <span class=\"mec-totalcal-dailyview\" data-skin=\"daily\">Giornaliero<\/span>                <span class=\"mec-totalcal-listview mec-totalcalview-selected\" data-skin=\"list\">Lista<\/span>                <span class=\"mec-totalcal-gridview\" data-skin=\"grid\">Grid<\/span>                <span class=\"mec-totalcal-tileview\" data-skin=\"tile\">Tile<\/span>            <\/div>\r\n        <\/div>\r\n    <\/div>\r\n    \r\n    <div id=\"mec_full_calendar_container_11\" class=\"mec-full-calendar-skin-container\">\r\n        <div class=\"mec-wrap mec-skin-list-container  \" id=\"mec_skin_11\">\r\n    \r\n    \r\n        <div class=\"mec-skin-list-events-container\" id=\"mec_skin_events_11\">\r\n        Nessun evento trovato!    <\/div>\r\n        \r\n        \r\n<\/div>    <\/div>\r\n    \r\n<\/div>[vc_empty_space][\/vc_column][\/vc_row][vc_row bg_type=&#8221;image&#8221; parallax_style=&#8221;vcpb-default&#8221; bg_image_new=&#8221;id^39|url^https:\/\/www.wewillrockyou-themusical.it\/wp-content\/uploads\/2019\/10\/sfondo-basso.png|caption^null|alt^null|title^sfondo-basso|description^null&#8221; bg_image_repeat=&#8221;no-repeat&#8221; bg_override=&#8221;ex-full&#8221;][vc_column][vc_custom_heading text=&#8221;NEWS&#8221; font_container=&#8221;tag:h3|text_align:center|color:%23ff9900&#8243; el_class=&#8221;titleInstagram&#8221;]<style type=\"text\/css\" data-type=\"the7_shortcodes-inline-css\">.blog-shortcode.blog-masonry-shortcode-id-abd29e7430c691f03e5a24b9a1bc1bda.content-bg-on.classic-layout-list article {\n  background: #000000;\n  box-shadow: none;\n}\n.blog-shortcode.blog-masonry-shortcode-id-abd29e7430c691f03e5a24b9a1bc1bda.dividers-on.classic-layout-list article {\n  padding-top: 0;\n}\n.blog-shortcode.blog-masonry-shortcode-id-abd29e7430c691f03e5a24b9a1bc1bda.dividers-on.classic-layout-list article:first-of-type {\n  margin-top: 0;\n  padding-top: 0;\n}\n.blog-shortcode.blog-masonry-shortcode-id-abd29e7430c691f03e5a24b9a1bc1bda.classic-layout-list.mode-list .post-entry-content {\n  width: calc(100% - );\n}\n.blog-shortcode.blog-masonry-shortcode-id-abd29e7430c691f03e5a24b9a1bc1bda.classic-layout-list.mode-list .no-img .post-entry-content {\n  width: 100%;\n}\n.blog-shortcode.blog-masonry-shortcode-id-abd29e7430c691f03e5a24b9a1bc1bda .filter-bg-decoration .filter-categories a.act {\n  color: #fff;\n}\n.blog-shortcode.blog-masonry-shortcode-id-abd29e7430c691f03e5a24b9a1bc1bda:not(.mode-masonry) article:first-of-type,\n.blog-shortcode.blog-masonry-shortcode-id-abd29e7430c691f03e5a24b9a1bc1bda:not(.mode-masonry) article.visible.first:not(.product) {\n  margin-top: 0;\n}\n.blog-shortcode.blog-masonry-shortcode-id-abd29e7430c691f03e5a24b9a1bc1bda.dividers-on:not(.mode-masonry) article {\n  margin-top: 0;\n}\n.blog-shortcode.blog-masonry-shortcode-id-abd29e7430c691f03e5a24b9a1bc1bda.dividers-on:not(.mode-masonry) article:first-of-type,\n.blog-shortcode.blog-masonry-shortcode-id-abd29e7430c691f03e5a24b9a1bc1bda.dividers-on:not(.mode-masonry) article.visible.first:not(.product) {\n  margin-top: 0;\n  padding-top: 0;\n}\n.blog-shortcode.blog-masonry-shortcode-id-abd29e7430c691f03e5a24b9a1bc1bda .post-thumbnail-wrap {\n  padding: 0px 0px 0px 0px;\n}\n.blog-shortcode.blog-masonry-shortcode-id-abd29e7430c691f03e5a24b9a1bc1bda.enable-bg-rollover .post-thumbnail-rollover:after {\n  background: -webkit-linear-gradient();\n  background: linear-gradient();\n}\n.blog-shortcode.blog-masonry-shortcode-id-abd29e7430c691f03e5a24b9a1bc1bda .gallery-zoom-ico {\n  width: 44px;\n  height: 44px;\n  line-height: 44px;\n  border-radius: 100px;\n  margin: -22px 0 0 -22px;\n  border-width: 0px;\n  color: #ffffff;\n}\n.bottom-overlap-layout-list.blog-shortcode.blog-masonry-shortcode-id-abd29e7430c691f03e5a24b9a1bc1bda .gallery-zoom-ico {\n  margin-top: -72px;\n}\n.gradient-overlay-layout-list.blog-shortcode.blog-masonry-shortcode-id-abd29e7430c691f03e5a24b9a1bc1bda .gallery-zoom-ico,\n.content-rollover-layout-list.blog-shortcode.blog-masonry-shortcode-id-abd29e7430c691f03e5a24b9a1bc1bda .gallery-zoom-ico {\n  margin: 0 0 10px;\n}\n.content-align-center.gradient-overlay-layout-list.blog-shortcode.blog-masonry-shortcode-id-abd29e7430c691f03e5a24b9a1bc1bda .gallery-zoom-ico,\n.content-align-center.content-rollover-layout-list.blog-shortcode.blog-masonry-shortcode-id-abd29e7430c691f03e5a24b9a1bc1bda .gallery-zoom-ico {\n  margin: 0 auto 10px;\n}\n.dt-icon-bg-on.blog-shortcode.blog-masonry-shortcode-id-abd29e7430c691f03e5a24b9a1bc1bda .gallery-zoom-ico {\n  background: rgba(255,255,255,0.3);\n  box-shadow: none;\n}\n.blog-shortcode.blog-masonry-shortcode-id-abd29e7430c691f03e5a24b9a1bc1bda .gallery-zoom-ico > span,\n.blog-shortcode.blog-masonry-shortcode-id-abd29e7430c691f03e5a24b9a1bc1bda .gallery-zoom-ico:before {\n  font-size: 32px;\n  line-height: 44px;\n}\n.blog-shortcode.blog-masonry-shortcode-id-abd29e7430c691f03e5a24b9a1bc1bda .gallery-zoom-ico > span,\n.blog-shortcode.blog-masonry-shortcode-id-abd29e7430c691f03e5a24b9a1bc1bda .gallery-zoom-ico:before {\n  color: #ffffff;\n}\n.blog-shortcode.blog-masonry-shortcode-id-abd29e7430c691f03e5a24b9a1bc1bda .entry-title,\n.blog-shortcode.blog-masonry-shortcode-id-abd29e7430c691f03e5a24b9a1bc1bda.owl-carousel .entry-title {\n  margin-bottom: 5px;\n  font-size: 16px;\n  font-weight: bold;\n  text-transform: uppercase;\n}\n.blog-shortcode.blog-masonry-shortcode-id-abd29e7430c691f03e5a24b9a1bc1bda .entry-meta {\n  margin-bottom: 15px;\n}\n.blog-shortcode.blog-masonry-shortcode-id-abd29e7430c691f03e5a24b9a1bc1bda .portfolio-categories {\n  margin-bottom: 15px;\n}\n.blog-shortcode.blog-masonry-shortcode-id-abd29e7430c691f03e5a24b9a1bc1bda .entry-excerpt {\n  margin-bottom: 5px;\n}\n.blog-shortcode.blog-masonry-shortcode-id-abd29e7430c691f03e5a24b9a1bc1bda .entry-excerpt * {\n  color: #ffffff;\n}\n.blog-shortcode.blog-masonry-shortcode-id-abd29e7430c691f03e5a24b9a1bc1bda:not(.centered-layout-list) .post-entry-content {\n  padding: 25px 30px 30px 30px;\n}\n.blog-shortcode.blog-masonry-shortcode-id-abd29e7430c691f03e5a24b9a1bc1bda:not(.centered-layout-list):not(.content-bg-on):not(.mode-list) .no-img .post-entry-content {\n  padding: 0;\n}\n.blog-shortcode.blog-masonry-shortcode-id-abd29e7430c691f03e5a24b9a1bc1bda.content-bg-on:not(.classic-layout-list):not(.centered-layout-list) .post-entry-content {\n  background: #000000;\n  box-shadow: none;\n}\n@media screen and (max-width: ) {\n  .blog-shortcode.blog-masonry-shortcode-id-abd29e7430c691f03e5a24b9a1bc1bda article {\n    -ms-flex-flow: column nowrap;\n    flex-flow: column nowrap;\n    margin-top: 20px;\n  }\n  .blog-shortcode.blog-masonry-shortcode-id-abd29e7430c691f03e5a24b9a1bc1bda.dividers-on article {\n    border: none;\n  }\n  .blog-shortcode.blog-masonry-shortcode-id-abd29e7430c691f03e5a24b9a1bc1bda.content-bg-on.centered-layout-list article {\n    padding: 0;\n  }\n  .blog-shortcode.blog-masonry-shortcode-id-abd29e7430c691f03e5a24b9a1bc1bda.blog-shortcode.dividers-on article,\n  .blog-shortcode.blog-masonry-shortcode-id-abd29e7430c691f03e5a24b9a1bc1bda.dividers-on.classic-layout-list article {\n    margin-top: 20px;\n    padding: 0;\n  }\n  .blog-shortcode.blog-masonry-shortcode-id-abd29e7430c691f03e5a24b9a1bc1bda.blog-shortcode.dividers-on article:first-of-type,\n  .blog-shortcode.blog-masonry-shortcode-id-abd29e7430c691f03e5a24b9a1bc1bda.dividers-on.classic-layout-list article:first-of-type {\n    padding: 0;\n  }\n  #page .blog-shortcode.blog-masonry-shortcode-id-abd29e7430c691f03e5a24b9a1bc1bda .post-thumbnail-wrap,\n  #page .blog-shortcode.blog-masonry-shortcode-id-abd29e7430c691f03e5a24b9a1bc1bda .post-entry-content {\n    width: 100%;\n    margin: 0;\n    top: 0;\n  }\n  #page .blog-shortcode.blog-masonry-shortcode-id-abd29e7430c691f03e5a24b9a1bc1bda .post-thumbnail-wrap {\n    padding: 0;\n  }\n  #page .blog-shortcode.blog-masonry-shortcode-id-abd29e7430c691f03e5a24b9a1bc1bda .post-entry-content:after {\n    display: none;\n  }\n  #page .blog-shortcode.blog-masonry-shortcode-id-abd29e7430c691f03e5a24b9a1bc1bda .project-even .post-thumbnail-wrap,\n  #page .blog-shortcode.blog-masonry-shortcode-id-abd29e7430c691f03e5a24b9a1bc1bda.centered-layout-list .post-thumbnail-wrap {\n    -ms-flex-order: 0;\n    order: 0;\n  }\n  #page .blog-shortcode.blog-masonry-shortcode-id-abd29e7430c691f03e5a24b9a1bc1bda.centered-layout-list .post-entry-title-content {\n    -ms-flex-order: 1;\n    order: 1;\n    width: 100%;\n    padding: 20px 20px 0;\n  }\n  #page .blog-shortcode.blog-masonry-shortcode-id-abd29e7430c691f03e5a24b9a1bc1bda.centered-layout-list .post-entry-content {\n    -ms-flex-order: 2;\n    order: 2;\n    padding-top: 0;\n  }\n  #page .blog-shortcode.blog-masonry-shortcode-id-abd29e7430c691f03e5a24b9a1bc1bda .fancy-categories {\n    top: 10px;\n    left: 10px;\n    bottom: auto;\n    right: auto;\n  }\n  #page .blog-shortcode.blog-masonry-shortcode-id-abd29e7430c691f03e5a24b9a1bc1bda .fancy-date a {\n    top: 10px;\n    right: 10px;\n    left: auto;\n    bottom: auto;\n  }\n  #page .blog-shortcode.blog-masonry-shortcode-id-abd29e7430c691f03e5a24b9a1bc1bda .post-entry-content {\n    padding: 20px;\n  }\n  #page .blog-shortcode.blog-masonry-shortcode-id-abd29e7430c691f03e5a24b9a1bc1bda .entry-title {\n    margin: 3px 0 5px;\n    font-size: 20px;\n    font-size: 16px;\n    line-height: 26px;\n  }\n  #page .blog-shortcode.blog-masonry-shortcode-id-abd29e7430c691f03e5a24b9a1bc1bda .entry-meta {\n    margin: 5px 0 5px;\n  }\n  #page .blog-shortcode.blog-masonry-shortcode-id-abd29e7430c691f03e5a24b9a1bc1bda .entry-excerpt {\n    margin: 15px 0 0;\n  }\n  #page .blog-shortcode.blog-masonry-shortcode-id-abd29e7430c691f03e5a24b9a1bc1bda .post-details {\n    margin: 5px 0 10px;\n  }\n  #page .blog-shortcode.blog-masonry-shortcode-id-abd29e7430c691f03e5a24b9a1bc1bda .post-details.details-type-link {\n    margin-bottom: 2px;\n  }\n}<\/style><div class=\"blog-shortcode blog-masonry-shortcode-id-abd29e7430c691f03e5a24b9a1bc1bda mode-masonry classic-layout-list content-bg-on jquery-filter scale-img dt-icon-bg-off resize-by-browser-width loading-effect-none description-under-image \" data-padding=\"15px\" data-cur-page=\"1\" data-post-limit=\"-1\" data-pagination-mode=\"none\" data-desktop-columns-num=\"4\" data-v-tablet-columns-num=\"2\" data-h-tablet-columns-num=\"3\" data-phone-columns-num=\"1\" data-width=\"0px\" data-columns=\"0\"><div class=\"iso-container\" ><div class=\"visible wf-cell iso-item\" data-post-id=\"710\" data-date=\"2025-10-16T10:11:57+02:00\" data-name=\"WE WILL ROCK YOU, un cast rinnovato per la nuova edizione in partenza a dicembre!\"><article class=\"post project-odd visible post-710 type-post status-publish format-standard has-post-thumbnail hentry category-uncategorized category-1\" data-name=\"WE WILL ROCK YOU, un cast rinnovato per la nuova edizione in partenza a dicembre!\" data-date=\"2025-10-16T10:11:57+02:00\">\n\n<div class=\"post-thumbnail-wrap\">\n\t<div class=\"post-thumbnail\">\n\t\t\n\t\t\n\t\t<a href=\"https:\/\/www.wewillrockyou-themusical.it\/index.php\/2025\/10\/16\/we-will-rock-you-un-cast-rinnovato-per-la-nuova-edizione-in-partenza-a-dicembre\/\" class=\"post-thumbnail-rollover layzr-bg layzr-bg\" ><img fetchpriority=\"high\" decoding=\"async\" class=\"iso-lazy-load preload-me iso-lazy-load aspect\" src=\"data:image\/svg+xml,%3Csvg%20xmlns%3D&#39;http%3A%2F%2Fwww.w3.org%2F2000%2Fsvg&#39;%20viewBox%3D&#39;0%200%20768%20512&#39;%2F%3E\" data-src=\"https:\/\/www.wewillrockyou-themusical.it\/wp-content\/uploads\/2025\/05\/artista-sito-768x512.jpg\" data-srcset=\"https:\/\/www.wewillrockyou-themusical.it\/wp-content\/uploads\/2025\/05\/artista-sito-768x512.jpg 768w, https:\/\/www.wewillrockyou-themusical.it\/wp-content\/uploads\/2025\/05\/artista-sito-1000x666.jpg 1000w\" loading=\"eager\" style=\"--ratio: 768 \/ 512\" sizes=\"(max-width: 768px) 100vw, 768px\" alt=\"\" title=\"artista sito\" width=\"768\" height=\"512\"  \/><\/a>\t<\/div>\n<\/div>\n\n\n<div class=\"post-entry-content\">\n\n\t<h3 class=\"entry-title\">\n\t\t<a href=\"https:\/\/www.wewillrockyou-themusical.it\/index.php\/2025\/10\/16\/we-will-rock-you-un-cast-rinnovato-per-la-nuova-edizione-in-partenza-a-dicembre\/\" title=\"WE WILL ROCK YOU, un cast rinnovato per la nuova edizione in partenza a dicembre!\" rel=\"bookmark\">WE WILL ROCK YOU, un cast rinnovato per la nuova edizione in partenza a dicembre!<\/a>\n\t<\/h3>\n\n\t<div class=\"entry-meta\"><a href=\"https:\/\/www.wewillrockyou-themusical.it\/index.php\/2025\/10\/16\/\" title=\"10:11 am\" class=\"data-link\" rel=\"bookmark\"><time class=\"entry-date updated\" datetime=\"2025-10-16T10:11:57+02:00\">16\/10\/2025<\/time><\/a><\/div>\n\t<div class=\"entry-excerpt\"><p>Dopo il successo delle passate stagioni, We Will Rock You torna in scena con un\u2019energia rinnovata, pronto a far vivere al pubblico un\u2019esperienza coinvolgente e pi\u00f9 attuale che mai. Questa nuova attesissima tourn\u00e9e porter\u00e0 l\u2019energia e la magia dei Queen nei teatri delle principali citt\u00e0 italiane a partire da dicembre 2025 fino alla primavera del&hellip;<\/p>\n<\/div>\n\t\n<a href=\"https:\/\/www.wewillrockyou-themusical.it\/index.php\/2025\/10\/16\/we-will-rock-you-un-cast-rinnovato-per-la-nuova-edizione-in-partenza-a-dicembre\/\" class=\"post-details details-type-link\" aria-label=\"Read more about WE WILL ROCK YOU, un cast rinnovato per la nuova edizione in partenza a dicembre!\">Leggi di pi\u00f9<i class=\"dt-icon-the7-arrow-03\" aria-hidden=\"true\"><\/i><\/a>\n\n<\/div><\/article><\/div><div class=\"visible wf-cell iso-item\" data-post-id=\"690\" data-date=\"2025-09-22T12:31:30+02:00\" data-name=\"WE WILL ROCK YOU: nuove date per uno degli spettacoli rock pi\u00f9 famosi al mondo!\"><article class=\"post project-odd visible post-690 type-post status-publish format-standard has-post-thumbnail hentry category-uncategorized category-1\" data-name=\"WE WILL ROCK YOU: nuove date per uno degli spettacoli rock pi\u00f9 famosi al mondo!\" data-date=\"2025-09-22T12:31:30+02:00\">\n\n<div class=\"post-thumbnail-wrap\">\n\t<div class=\"post-thumbnail\">\n\t\t\n\t\t\n\t\t<a href=\"https:\/\/www.wewillrockyou-themusical.it\/index.php\/2025\/09\/22\/we-will-rock-you-nuove-date-per-uno-degli-spettacoli-rock-piu-famosi-al-mondo\/\" class=\"post-thumbnail-rollover layzr-bg layzr-bg\" ><img decoding=\"async\" class=\"iso-lazy-load preload-me iso-lazy-load aspect\" src=\"data:image\/svg+xml,%3Csvg%20xmlns%3D&#39;http%3A%2F%2Fwww.w3.org%2F2000%2Fsvg&#39;%20viewBox%3D&#39;0%200%20768%20512&#39;%2F%3E\" data-src=\"https:\/\/www.wewillrockyou-themusical.it\/wp-content\/uploads\/2026\/02\/QUADRA-vuota-768x512.jpg\" data-srcset=\"https:\/\/www.wewillrockyou-themusical.it\/wp-content\/uploads\/2026\/02\/QUADRA-vuota-768x512.jpg 768w, https:\/\/www.wewillrockyou-themusical.it\/wp-content\/uploads\/2026\/02\/QUADRA-vuota-1000x666.jpg 1000w\" loading=\"eager\" style=\"--ratio: 768 \/ 512\" sizes=\"(max-width: 768px) 100vw, 768px\" alt=\"\" title=\"QUADRA vuota\" width=\"768\" height=\"512\"  \/><\/a>\t<\/div>\n<\/div>\n\n\n<div class=\"post-entry-content\">\n\n\t<h3 class=\"entry-title\">\n\t\t<a href=\"https:\/\/www.wewillrockyou-themusical.it\/index.php\/2025\/09\/22\/we-will-rock-you-nuove-date-per-uno-degli-spettacoli-rock-piu-famosi-al-mondo\/\" title=\"WE WILL ROCK YOU: nuove date per uno degli spettacoli rock pi\u00f9 famosi al mondo!\" rel=\"bookmark\">WE WILL ROCK YOU: nuove date per uno degli spettacoli rock pi\u00f9 famosi al mondo!<\/a>\n\t<\/h3>\n\n\t<div class=\"entry-meta\"><a href=\"https:\/\/www.wewillrockyou-themusical.it\/index.php\/2025\/09\/22\/\" title=\"12:31 pm\" class=\"data-link\" rel=\"bookmark\"><time class=\"entry-date updated\" datetime=\"2025-09-22T12:31:30+02:00\">22\/09\/2025<\/time><\/a><\/div>\n\t<div class=\"entry-excerpt\"><p>Dopo aver conquistato milioni di spettatori nel mondo e il pubblico italiano nelle scorse stagioni, WE WILL ROCK YOU torna in scena con una nuova e attesissima tourn\u00e9e nel 2025 e 2026. Lo spettacolo cult, scritto da Ben Elton insieme a Roger Taylor e Brian May dei leggendari Queen, continua a far battere i cuori&hellip;<\/p>\n<\/div>\n\t\n<a href=\"https:\/\/www.wewillrockyou-themusical.it\/index.php\/2025\/09\/22\/we-will-rock-you-nuove-date-per-uno-degli-spettacoli-rock-piu-famosi-al-mondo\/\" class=\"post-details details-type-link\" aria-label=\"Read more about WE WILL ROCK YOU: nuove date per uno degli spettacoli rock pi\u00f9 famosi al mondo!\">Leggi di pi\u00f9<i class=\"dt-icon-the7-arrow-03\" aria-hidden=\"true\"><\/i><\/a>\n\n<\/div><\/article><\/div><div class=\"visible wf-cell iso-item\" data-post-id=\"672\" data-date=\"2025-05-06T11:00:13+02:00\" data-name=\"WE WILL ROCK YOU, ecco le prime date della nuova stagione!\"><article class=\"post project-odd visible post-672 type-post status-publish format-standard has-post-thumbnail hentry category-uncategorized category-1\" data-name=\"WE WILL ROCK YOU, ecco le prime date della nuova stagione!\" data-date=\"2025-05-06T11:00:13+02:00\">\n\n<div class=\"post-thumbnail-wrap\">\n\t<div class=\"post-thumbnail\">\n\t\t\n\t\t\n\t\t<a href=\"https:\/\/www.wewillrockyou-themusical.it\/index.php\/2025\/05\/06\/we-will-rock-you-ecco-le-prime-date-della-nuova-stagione\/\" class=\"post-thumbnail-rollover layzr-bg layzr-bg\" ><img decoding=\"async\" class=\"iso-lazy-load preload-me iso-lazy-load aspect\" src=\"data:image\/svg+xml,%3Csvg%20xmlns%3D&#39;http%3A%2F%2Fwww.w3.org%2F2000%2Fsvg&#39;%20viewBox%3D&#39;0%200%20768%20512&#39;%2F%3E\" data-src=\"https:\/\/www.wewillrockyou-themusical.it\/wp-content\/uploads\/2026\/02\/QUADRA-vuota-768x512.jpg\" data-srcset=\"https:\/\/www.wewillrockyou-themusical.it\/wp-content\/uploads\/2026\/02\/QUADRA-vuota-768x512.jpg 768w, https:\/\/www.wewillrockyou-themusical.it\/wp-content\/uploads\/2026\/02\/QUADRA-vuota-1000x666.jpg 1000w\" loading=\"eager\" style=\"--ratio: 768 \/ 512\" sizes=\"(max-width: 768px) 100vw, 768px\" alt=\"\" title=\"QUADRA vuota\" width=\"768\" height=\"512\"  \/><\/a>\t<\/div>\n<\/div>\n\n\n<div class=\"post-entry-content\">\n\n\t<h3 class=\"entry-title\">\n\t\t<a href=\"https:\/\/www.wewillrockyou-themusical.it\/index.php\/2025\/05\/06\/we-will-rock-you-ecco-le-prime-date-della-nuova-stagione\/\" title=\"WE WILL ROCK YOU, ecco le prime date della nuova stagione!\" rel=\"bookmark\">WE WILL ROCK YOU, ecco le prime date della nuova stagione!<\/a>\n\t<\/h3>\n\n\t<div class=\"entry-meta\"><a href=\"https:\/\/www.wewillrockyou-themusical.it\/index.php\/2025\/05\/06\/\" title=\"11:00 am\" class=\"data-link\" rel=\"bookmark\"><time class=\"entry-date updated\" datetime=\"2025-05-06T11:00:13+02:00\">06\/05\/2025<\/time><\/a><\/div>\n\t<div class=\"entry-excerpt\"><p>WE WILL ROCK YOU \u00e8 uno degli spettacoli musicali pi\u00f9 rappresentati e amati al mondo. Nato dalla penna irriverente di Ben Elton, in collaborazione con Roger Taylor e Brian May dei leggendari Queen, questo straordinario musical, da considerarsi una vera e propria opera Rock, ha conquistato le scene internazionali con la sua energia travolgente, il&hellip;<\/p>\n<\/div>\n\t\n<a href=\"https:\/\/www.wewillrockyou-themusical.it\/index.php\/2025\/05\/06\/we-will-rock-you-ecco-le-prime-date-della-nuova-stagione\/\" class=\"post-details details-type-link\" aria-label=\"Read more about WE WILL ROCK YOU, ecco le prime date della nuova stagione!\">Leggi di pi\u00f9<i class=\"dt-icon-the7-arrow-03\" aria-hidden=\"true\"><\/i><\/a>\n\n<\/div><\/article><\/div><div class=\"visible wf-cell iso-item\" data-post-id=\"661\" data-date=\"2023-11-07T12:00:45+01:00\" data-name=\"WE WILL ROCK YOU sar\u00e0 di scena anche ad Aosta e Prato!\"><article class=\"post project-odd visible post-661 type-post status-publish format-standard has-post-thumbnail hentry category-uncategorized category-1\" data-name=\"WE WILL ROCK YOU sar\u00e0 di scena anche ad Aosta e Prato!\" data-date=\"2023-11-07T12:00:45+01:00\">\n\n<div class=\"post-thumbnail-wrap\">\n\t<div class=\"post-thumbnail\">\n\t\t\n\t\t\n\t\t<a href=\"https:\/\/www.wewillrockyou-themusical.it\/index.php\/2023\/11\/07\/we-will-rock-you-sara-di-scena-anche-ad-aosta-e-prato\/\" class=\"post-thumbnail-rollover layzr-bg layzr-bg\" ><img decoding=\"async\" class=\"iso-lazy-load preload-me iso-lazy-load aspect\" src=\"data:image\/svg+xml,%3Csvg%20xmlns%3D&#39;http%3A%2F%2Fwww.w3.org%2F2000%2Fsvg&#39;%20viewBox%3D&#39;0%200%20768%20512&#39;%2F%3E\" data-src=\"https:\/\/www.wewillrockyou-themusical.it\/wp-content\/uploads\/2023\/09\/WWRY-neutra-quadra-nera-768x512.jpg\" data-srcset=\"https:\/\/www.wewillrockyou-themusical.it\/wp-content\/uploads\/2023\/09\/WWRY-neutra-quadra-nera-768x512.jpg 768w, https:\/\/www.wewillrockyou-themusical.it\/wp-content\/uploads\/2023\/09\/WWRY-neutra-quadra-nera-800x533.jpg 800w\" loading=\"eager\" style=\"--ratio: 768 \/ 512\" sizes=\"(max-width: 768px) 100vw, 768px\" alt=\"\" title=\"WWRY neutra quadra nera\" width=\"768\" height=\"512\"  \/><\/a>\t<\/div>\n<\/div>\n\n\n<div class=\"post-entry-content\">\n\n\t<h3 class=\"entry-title\">\n\t\t<a href=\"https:\/\/www.wewillrockyou-themusical.it\/index.php\/2023\/11\/07\/we-will-rock-you-sara-di-scena-anche-ad-aosta-e-prato\/\" title=\"WE WILL ROCK YOU sar\u00e0 di scena anche ad Aosta e Prato!\" rel=\"bookmark\">WE WILL ROCK YOU sar\u00e0 di scena anche ad Aosta e Prato!<\/a>\n\t<\/h3>\n\n\t<div class=\"entry-meta\"><a href=\"https:\/\/www.wewillrockyou-themusical.it\/index.php\/2023\/11\/07\/\" title=\"12:00 pm\" class=\"data-link\" rel=\"bookmark\"><time class=\"entry-date updated\" datetime=\"2023-11-07T12:00:45+01:00\">07\/11\/2023<\/time><\/a><\/div>\n\t<div class=\"entry-excerpt\"><p>Il calendario di WE WILL ROCK YOU si arricchisce di due tappe ad Aosta (24 novembre, Teatro Splendor) e Prato (17 febbraio, Teatro Politeama Pratese). I biglietti per la data di Aosta sono disponibili su Webtic, mentre quelli per Prato sul circuito Ticketone. WE WILL ROCK YOU \u00e8 uno degli spettacoli musicali pi\u00f9 rappresentati al&hellip;<\/p>\n<\/div>\n\t\n<a href=\"https:\/\/www.wewillrockyou-themusical.it\/index.php\/2023\/11\/07\/we-will-rock-you-sara-di-scena-anche-ad-aosta-e-prato\/\" class=\"post-details details-type-link\" aria-label=\"Read more about WE WILL ROCK YOU sar\u00e0 di scena anche ad Aosta e Prato!\">Leggi di pi\u00f9<i class=\"dt-icon-the7-arrow-03\" aria-hidden=\"true\"><\/i><\/a>\n\n<\/div><\/article><\/div><div class=\"visible wf-cell iso-item\" data-post-id=\"627\" data-date=\"2023-10-13T12:00:24+02:00\" data-name=\"WE WILL ROCK YOU conferma nuove tappe a UDINE e RIMINI a marzo!\"><article class=\"post project-odd visible post-627 type-post status-publish format-standard has-post-thumbnail hentry category-uncategorized category-1\" data-name=\"WE WILL ROCK YOU conferma nuove tappe a UDINE e RIMINI a marzo!\" data-date=\"2023-10-13T12:00:24+02:00\">\n\n<div class=\"post-thumbnail-wrap\">\n\t<div class=\"post-thumbnail\">\n\t\t\n\t\t\n\t\t<a href=\"https:\/\/www.wewillrockyou-themusical.it\/index.php\/2023\/10\/13\/we-will-rock-you-conferma-nuove-tappe-a-udine-e-rimini-a-marzo\/\" class=\"post-thumbnail-rollover layzr-bg layzr-bg\" ><img decoding=\"async\" class=\"iso-lazy-load preload-me iso-lazy-load aspect\" src=\"data:image\/svg+xml,%3Csvg%20xmlns%3D&#39;http%3A%2F%2Fwww.w3.org%2F2000%2Fsvg&#39;%20viewBox%3D&#39;0%200%20768%20512&#39;%2F%3E\" data-src=\"https:\/\/www.wewillrockyou-themusical.it\/wp-content\/uploads\/2023\/09\/WWRY-neutra-quadra-nera-768x512.jpg\" data-srcset=\"https:\/\/www.wewillrockyou-themusical.it\/wp-content\/uploads\/2023\/09\/WWRY-neutra-quadra-nera-768x512.jpg 768w, https:\/\/www.wewillrockyou-themusical.it\/wp-content\/uploads\/2023\/09\/WWRY-neutra-quadra-nera-800x533.jpg 800w\" loading=\"eager\" style=\"--ratio: 768 \/ 512\" sizes=\"(max-width: 768px) 100vw, 768px\" alt=\"\" title=\"WWRY neutra quadra nera\" width=\"768\" height=\"512\"  \/><\/a>\t<\/div>\n<\/div>\n\n\n<div class=\"post-entry-content\">\n\n\t<h3 class=\"entry-title\">\n\t\t<a href=\"https:\/\/www.wewillrockyou-themusical.it\/index.php\/2023\/10\/13\/we-will-rock-you-conferma-nuove-tappe-a-udine-e-rimini-a-marzo\/\" title=\"WE WILL ROCK YOU conferma nuove tappe a UDINE e RIMINI a marzo!\" rel=\"bookmark\">WE WILL ROCK YOU conferma nuove tappe a UDINE e RIMINI a marzo!<\/a>\n\t<\/h3>\n\n\t<div class=\"entry-meta\"><a href=\"https:\/\/www.wewillrockyou-themusical.it\/index.php\/2023\/10\/13\/\" title=\"12:00 pm\" class=\"data-link\" rel=\"bookmark\"><time class=\"entry-date updated\" datetime=\"2023-10-13T12:00:24+02:00\">13\/10\/2023<\/time><\/a><\/div>\n\t<div class=\"entry-excerpt\"><p>La nuova stagione di WE WILL ROCK YOU, che partir\u00e0 il 4 dicembre 2023 dal Teatro Regio di Parma, si arricchisce di nuove date. Alla luce della grande richiesta, la produzione \u00e8 lieta di annunciare altre repliche nel 2024: lo spettacolo arriver\u00e0 finalmente anche a Udine (il 9 marzo al Teatro Nuovo Giovanni da Udine)&hellip;<\/p>\n<\/div>\n\t\n<a href=\"https:\/\/www.wewillrockyou-themusical.it\/index.php\/2023\/10\/13\/we-will-rock-you-conferma-nuove-tappe-a-udine-e-rimini-a-marzo\/\" class=\"post-details details-type-link\" aria-label=\"Read more about WE WILL ROCK YOU conferma nuove tappe a UDINE e RIMINI a marzo!\">Leggi di pi\u00f9<i class=\"dt-icon-the7-arrow-03\" aria-hidden=\"true\"><\/i><\/a>\n\n<\/div><\/article><\/div><div class=\"visible wf-cell iso-item\" data-post-id=\"623\" data-date=\"2023-09-22T12:00:27+02:00\" data-name=\"WE WILL ROCK YOU sbarca in Sicilia: appuntamento a Ragusa, Palermo e Catania a gennaio!\"><article class=\"post project-odd visible post-623 type-post status-publish format-standard has-post-thumbnail hentry category-uncategorized category-1\" data-name=\"WE WILL ROCK YOU sbarca in Sicilia: appuntamento a Ragusa, Palermo e Catania a gennaio!\" data-date=\"2023-09-22T12:00:27+02:00\">\n\n<div class=\"post-thumbnail-wrap\">\n\t<div class=\"post-thumbnail\">\n\t\t\n\t\t\n\t\t<a href=\"https:\/\/www.wewillrockyou-themusical.it\/index.php\/2023\/09\/22\/we-will-rock-you-sbarca-in-sicilia-appuntamento-a-ragusa-palermo-e-catania-a-gennaio\/\" class=\"post-thumbnail-rollover layzr-bg layzr-bg\" ><img decoding=\"async\" class=\"iso-lazy-load preload-me iso-lazy-load aspect\" src=\"data:image\/svg+xml,%3Csvg%20xmlns%3D&#39;http%3A%2F%2Fwww.w3.org%2F2000%2Fsvg&#39;%20viewBox%3D&#39;0%200%20768%20512&#39;%2F%3E\" data-src=\"https:\/\/www.wewillrockyou-themusical.it\/wp-content\/uploads\/2023\/09\/WWRY-neutra-quadra-nera-768x512.jpg\" data-srcset=\"https:\/\/www.wewillrockyou-themusical.it\/wp-content\/uploads\/2023\/09\/WWRY-neutra-quadra-nera-768x512.jpg 768w, https:\/\/www.wewillrockyou-themusical.it\/wp-content\/uploads\/2023\/09\/WWRY-neutra-quadra-nera-800x533.jpg 800w\" loading=\"eager\" style=\"--ratio: 768 \/ 512\" sizes=\"(max-width: 768px) 100vw, 768px\" alt=\"\" title=\"WWRY neutra quadra nera\" width=\"768\" height=\"512\"  \/><\/a>\t<\/div>\n<\/div>\n\n\n<div class=\"post-entry-content\">\n\n\t<h3 class=\"entry-title\">\n\t\t<a href=\"https:\/\/www.wewillrockyou-themusical.it\/index.php\/2023\/09\/22\/we-will-rock-you-sbarca-in-sicilia-appuntamento-a-ragusa-palermo-e-catania-a-gennaio\/\" title=\"WE WILL ROCK YOU sbarca in Sicilia: appuntamento a Ragusa, Palermo e Catania a gennaio!\" rel=\"bookmark\">WE WILL ROCK YOU sbarca in Sicilia: appuntamento a Ragusa, Palermo e Catania a gennaio!<\/a>\n\t<\/h3>\n\n\t<div class=\"entry-meta\"><a href=\"https:\/\/www.wewillrockyou-themusical.it\/index.php\/2023\/09\/22\/\" title=\"12:00 pm\" class=\"data-link\" rel=\"bookmark\"><time class=\"entry-date updated\" datetime=\"2023-09-22T12:00:27+02:00\">22\/09\/2023<\/time><\/a><\/div>\n\t<div class=\"entry-excerpt\"><p>L\u2019amore per un patrimonio musicale straordinario e intramontabile come quello dei Queen, l\u2019importanza della libert\u00e0 di pensiero, la volont\u00e0 di cambiare un destino che sembra gi\u00e0 scritto, il potere salvifico del Rock and Roll: tutto questo e molto altro \u00e8 WE WILL ROCK YOU, uno degli spettacoli musicali pi\u00f9 rappresentati al mondo, scritto da Ben&hellip;<\/p>\n<\/div>\n\t\n<a href=\"https:\/\/www.wewillrockyou-themusical.it\/index.php\/2023\/09\/22\/we-will-rock-you-sbarca-in-sicilia-appuntamento-a-ragusa-palermo-e-catania-a-gennaio\/\" class=\"post-details details-type-link\" aria-label=\"Read more about WE WILL ROCK YOU sbarca in Sicilia: appuntamento a Ragusa, Palermo e Catania a gennaio!\">Leggi di pi\u00f9<i class=\"dt-icon-the7-arrow-03\" aria-hidden=\"true\"><\/i><\/a>\n\n<\/div><\/article><\/div><div class=\"visible wf-cell iso-item\" data-post-id=\"599\" data-date=\"2023-09-07T15:38:15+02:00\" data-name=\"WE WILL ROCK YOU sar\u00e0 presto a Parma!\"><article class=\"post project-odd visible post-599 type-post status-publish format-standard has-post-thumbnail hentry category-uncategorized category-1\" data-name=\"WE WILL ROCK YOU sar\u00e0 presto a Parma!\" data-date=\"2023-09-07T15:38:15+02:00\">\n\n<div class=\"post-thumbnail-wrap\">\n\t<div class=\"post-thumbnail\">\n\t\t\n\t\t\n\t\t<a href=\"https:\/\/www.wewillrockyou-themusical.it\/index.php\/2023\/09\/07\/we-will-rock-you-sara-presto-a-parma\/\" class=\"post-thumbnail-rollover layzr-bg layzr-bg\" ><img decoding=\"async\" class=\"iso-lazy-load preload-me iso-lazy-load aspect\" src=\"data:image\/svg+xml,%3Csvg%20xmlns%3D&#39;http%3A%2F%2Fwww.w3.org%2F2000%2Fsvg&#39;%20viewBox%3D&#39;0%200%20768%20512&#39;%2F%3E\" data-src=\"https:\/\/www.wewillrockyou-themusical.it\/wp-content\/uploads\/2023\/09\/WWRY-neutra-quadra-nera-768x512.jpg\" data-srcset=\"https:\/\/www.wewillrockyou-themusical.it\/wp-content\/uploads\/2023\/09\/WWRY-neutra-quadra-nera-768x512.jpg 768w, https:\/\/www.wewillrockyou-themusical.it\/wp-content\/uploads\/2023\/09\/WWRY-neutra-quadra-nera-800x533.jpg 800w\" loading=\"eager\" style=\"--ratio: 768 \/ 512\" sizes=\"(max-width: 768px) 100vw, 768px\" alt=\"\" title=\"WWRY neutra quadra nera\" width=\"768\" height=\"512\"  \/><\/a>\t<\/div>\n<\/div>\n\n\n<div class=\"post-entry-content\">\n\n\t<h3 class=\"entry-title\">\n\t\t<a href=\"https:\/\/www.wewillrockyou-themusical.it\/index.php\/2023\/09\/07\/we-will-rock-you-sara-presto-a-parma\/\" title=\"WE WILL ROCK YOU sar\u00e0 presto a Parma!\" rel=\"bookmark\">WE WILL ROCK YOU sar\u00e0 presto a Parma!<\/a>\n\t<\/h3>\n\n\t<div class=\"entry-meta\"><a href=\"https:\/\/www.wewillrockyou-themusical.it\/index.php\/2023\/09\/07\/\" title=\"3:38 pm\" class=\"data-link\" rel=\"bookmark\"><time class=\"entry-date updated\" datetime=\"2023-09-07T15:38:15+02:00\">07\/09\/2023<\/time><\/a><\/div>\n\t<div class=\"entry-excerpt\"><p>Tra gli spettacoli musicali pi\u00f9 rappresentati al mondo, WE WILL ROCK YOU, scritto da Ben Elton insieme a Roger Taylor e Brian May, ha collezionato, dal suo debutto a Londra nel 2002, circa 6 milioni di spettatori in 4600 repliche, per 12 anni consecutivi di rappresentazioni. Nel 2023 questo incredibile spettacolo rock \u00e8 tornato in&hellip;<\/p>\n<\/div>\n\t\n<a href=\"https:\/\/www.wewillrockyou-themusical.it\/index.php\/2023\/09\/07\/we-will-rock-you-sara-presto-a-parma\/\" class=\"post-details details-type-link\" aria-label=\"Read more about WE WILL ROCK YOU sar\u00e0 presto a Parma!\">Leggi di pi\u00f9<i class=\"dt-icon-the7-arrow-03\" aria-hidden=\"true\"><\/i><\/a>\n\n<\/div><\/article><\/div><div class=\"visible wf-cell iso-item\" data-post-id=\"594\" data-date=\"2023-04-21T16:00:21+02:00\" data-name=\"WE WILL ROCK YOU torna finalmente a Roma! Lo spettacolo sar\u00e0 di scena al Teatro Olimpico a dicembre.\"><article class=\"post project-odd visible post-594 type-post status-publish format-standard has-post-thumbnail hentry category-uncategorized category-1\" data-name=\"WE WILL ROCK YOU torna finalmente a Roma! Lo spettacolo sar\u00e0 di scena al Teatro Olimpico a dicembre.\" data-date=\"2023-04-21T16:00:21+02:00\">\n\n<div class=\"post-thumbnail-wrap\">\n\t<div class=\"post-thumbnail\">\n\t\t\n\t\t\n\t\t<a href=\"https:\/\/www.wewillrockyou-themusical.it\/index.php\/2023\/04\/21\/we-will-rock-you-torna-finalmente-a-roma-lo-spettacolo-sara-di-scena-al-teatro-olimpico-a-dicembre\/\" class=\"post-thumbnail-rollover layzr-bg layzr-bg\" ><img decoding=\"async\" class=\"iso-lazy-load preload-me iso-lazy-load aspect\" src=\"data:image\/svg+xml,%3Csvg%20xmlns%3D&#39;http%3A%2F%2Fwww.w3.org%2F2000%2Fsvg&#39;%20viewBox%3D&#39;0%200%20768%20512&#39;%2F%3E\" data-src=\"https:\/\/www.wewillrockyou-themusical.it\/wp-content\/uploads\/2022\/11\/quadra-neutra-2023-sito-768x512.jpg\" data-srcset=\"https:\/\/www.wewillrockyou-themusical.it\/wp-content\/uploads\/2022\/11\/quadra-neutra-2023-sito-768x512.jpg 768w, https:\/\/www.wewillrockyou-themusical.it\/wp-content\/uploads\/2022\/11\/quadra-neutra-2023-sito-1000x666.jpg 1000w\" loading=\"eager\" style=\"--ratio: 768 \/ 512\" sizes=\"(max-width: 768px) 100vw, 768px\" alt=\"\" title=\"quadra neutra 2023 sito\" width=\"768\" height=\"512\"  \/><\/a>\t<\/div>\n<\/div>\n\n\n<div class=\"post-entry-content\">\n\n\t<h3 class=\"entry-title\">\n\t\t<a href=\"https:\/\/www.wewillrockyou-themusical.it\/index.php\/2023\/04\/21\/we-will-rock-you-torna-finalmente-a-roma-lo-spettacolo-sara-di-scena-al-teatro-olimpico-a-dicembre\/\" title=\"WE WILL ROCK YOU torna finalmente a Roma! Lo spettacolo sar\u00e0 di scena al Teatro Olimpico a dicembre.\" rel=\"bookmark\">WE WILL ROCK YOU torna finalmente a Roma! Lo spettacolo sar\u00e0 di scena al Teatro Olimpico a dicembre.<\/a>\n\t<\/h3>\n\n\t<div class=\"entry-meta\"><a href=\"https:\/\/www.wewillrockyou-themusical.it\/index.php\/2023\/04\/21\/\" title=\"4:00 pm\" class=\"data-link\" rel=\"bookmark\"><time class=\"entry-date updated\" datetime=\"2023-04-21T16:00:21+02:00\">21\/04\/2023<\/time><\/a><\/div>\n\t<div class=\"entry-excerpt\"><p>Dopo lo straordinario successo di pubblico e critica delle precedenti edizioni, nel 2023 WE WILL ROCK YOU, lo spettacolo musicale scritto da Ben Elton insieme a Roger Taylor e Brian May, \u00e8 tornato nelle principali citt\u00e0 italiane con un nuovo allestimento e un nuovo cast, infiammando intere platee al ritmo dei pi\u00f9 grandi successi dei&hellip;<\/p>\n<\/div>\n\t\n<a href=\"https:\/\/www.wewillrockyou-themusical.it\/index.php\/2023\/04\/21\/we-will-rock-you-torna-finalmente-a-roma-lo-spettacolo-sara-di-scena-al-teatro-olimpico-a-dicembre\/\" class=\"post-details details-type-link\" aria-label=\"Read more about WE WILL ROCK YOU torna finalmente a Roma! Lo spettacolo sar\u00e0 di scena al Teatro Olimpico a dicembre.\">Leggi di pi\u00f9<i class=\"dt-icon-the7-arrow-03\" aria-hidden=\"true\"><\/i><\/a>\n\n<\/div><\/article><\/div><div class=\"visible wf-cell iso-item\" data-post-id=\"590\" data-date=\"2023-04-03T12:00:39+02:00\" data-name=\"WE WILL ROCK YOU a grande richiesta torna a Milano a febbraio 2024!\"><article class=\"post project-odd visible post-590 type-post status-publish format-standard has-post-thumbnail hentry category-uncategorized category-1\" data-name=\"WE WILL ROCK YOU a grande richiesta torna a Milano a febbraio 2024!\" data-date=\"2023-04-03T12:00:39+02:00\">\n\n<div class=\"post-thumbnail-wrap\">\n\t<div class=\"post-thumbnail\">\n\t\t\n\t\t\n\t\t<a href=\"https:\/\/www.wewillrockyou-themusical.it\/index.php\/2023\/04\/03\/we-will-rock-you-a-grande-richiesta-torna-a-milano-a-febbraio-2024\/\" class=\"post-thumbnail-rollover layzr-bg layzr-bg\" ><img decoding=\"async\" class=\"iso-lazy-load preload-me iso-lazy-load aspect\" src=\"data:image\/svg+xml,%3Csvg%20xmlns%3D&#39;http%3A%2F%2Fwww.w3.org%2F2000%2Fsvg&#39;%20viewBox%3D&#39;0%200%20768%20512&#39;%2F%3E\" data-src=\"https:\/\/www.wewillrockyou-themusical.it\/wp-content\/uploads\/2022\/11\/quadra-neutra-2023-sito-768x512.jpg\" data-srcset=\"https:\/\/www.wewillrockyou-themusical.it\/wp-content\/uploads\/2022\/11\/quadra-neutra-2023-sito-768x512.jpg 768w, https:\/\/www.wewillrockyou-themusical.it\/wp-content\/uploads\/2022\/11\/quadra-neutra-2023-sito-1000x666.jpg 1000w\" loading=\"eager\" style=\"--ratio: 768 \/ 512\" sizes=\"(max-width: 768px) 100vw, 768px\" alt=\"\" title=\"quadra neutra 2023 sito\" width=\"768\" height=\"512\"  \/><\/a>\t<\/div>\n<\/div>\n\n\n<div class=\"post-entry-content\">\n\n\t<h3 class=\"entry-title\">\n\t\t<a href=\"https:\/\/www.wewillrockyou-themusical.it\/index.php\/2023\/04\/03\/we-will-rock-you-a-grande-richiesta-torna-a-milano-a-febbraio-2024\/\" title=\"WE WILL ROCK YOU a grande richiesta torna a Milano a febbraio 2024!\" rel=\"bookmark\">WE WILL ROCK YOU a grande richiesta torna a Milano a febbraio 2024!<\/a>\n\t<\/h3>\n\n\t<div class=\"entry-meta\"><a href=\"https:\/\/www.wewillrockyou-themusical.it\/index.php\/2023\/04\/03\/\" title=\"12:00 pm\" class=\"data-link\" rel=\"bookmark\"><time class=\"entry-date updated\" datetime=\"2023-04-03T12:00:39+02:00\">03\/04\/2023<\/time><\/a><\/div>\n\t<div class=\"entry-excerpt\"><p>Dopo lo straordinario successo di pubblico e critica delle precedenti edizioni, nel 2023 WE WILL ROCK YOU, lo spettacolo musicale scritto da Ben Elton insieme a Roger Taylor e Brian May, \u00e8 tornato nelle principali citt\u00e0 italiane con un nuovo show e un nuovo cast, infiammando intere platee al ritmo dei pi\u00f9 grandi successi dei&hellip;<\/p>\n<\/div>\n\t\n<a href=\"https:\/\/www.wewillrockyou-themusical.it\/index.php\/2023\/04\/03\/we-will-rock-you-a-grande-richiesta-torna-a-milano-a-febbraio-2024\/\" class=\"post-details details-type-link\" aria-label=\"Read more about WE WILL ROCK YOU a grande richiesta torna a Milano a febbraio 2024!\">Leggi di pi\u00f9<i class=\"dt-icon-the7-arrow-03\" aria-hidden=\"true\"><\/i><\/a>\n\n<\/div><\/article><\/div><div class=\"visible wf-cell iso-item\" data-post-id=\"587\" data-date=\"2023-01-11T11:00:43+01:00\" data-name=\"WE WILL ROCK YOU, il team al completo in attesa del debutto a Milano il 2 febbraio!\"><article class=\"post project-odd visible no-img post-587 type-post status-publish format-standard hentry category-uncategorized category-1\" data-name=\"WE WILL ROCK YOU, il team al completo in attesa del debutto a Milano il 2 febbraio!\" data-date=\"2023-01-11T11:00:43+01:00\">\n\n<div class=\"post-entry-content\">\n\n\t<h3 class=\"entry-title\">\n\t\t<a href=\"https:\/\/www.wewillrockyou-themusical.it\/index.php\/2023\/01\/11\/we-will-rock-you-il-team-al-completo-in-attesa-del-debutto-a-milano-il-2-febbraio\/\" title=\"WE WILL ROCK YOU, il team al completo in attesa del debutto a Milano il 2 febbraio!\" rel=\"bookmark\">WE WILL ROCK YOU, il team al completo in attesa del debutto a Milano il 2 febbraio!<\/a>\n\t<\/h3>\n\n\t<div class=\"entry-meta\"><a href=\"https:\/\/www.wewillrockyou-themusical.it\/index.php\/2023\/01\/11\/\" title=\"11:00 am\" class=\"data-link\" rel=\"bookmark\"><time class=\"entry-date updated\" datetime=\"2023-01-11T11:00:43+01:00\">11\/01\/2023<\/time><\/a><\/div>\n\t<div class=\"entry-excerpt\"><p>\u00a0Manca poco meno di un mese al debutto della nuova stagione no replica di We Will Rock You, lo spettacolo musicale scritto da Ben Elton insieme a Roger Taylor e Brian May. Il team al completo sta ora partecipando alle prove artistiche e presto passer\u00e0 all\u2019allestimento dell\u2019intera produzione in previsione del debutto, il 2 febbraio&hellip;<\/p>\n<\/div>\n\t\n<a href=\"https:\/\/www.wewillrockyou-themusical.it\/index.php\/2023\/01\/11\/we-will-rock-you-il-team-al-completo-in-attesa-del-debutto-a-milano-il-2-febbraio\/\" class=\"post-details details-type-link\" aria-label=\"Read more about WE WILL ROCK YOU, il team al completo in attesa del debutto a Milano il 2 febbraio!\">Leggi di pi\u00f9<i class=\"dt-icon-the7-arrow-03\" aria-hidden=\"true\"><\/i><\/a>\n\n<\/div><\/article><\/div><div class=\"visible wf-cell iso-item\" data-post-id=\"517\" data-date=\"2022-12-01T11:15:37+01:00\" data-name=\"Il cast di WE WILL ROCK YOU \u00e8 ora ufficiale!\"><article class=\"post project-odd visible post-517 type-post status-publish format-standard has-post-thumbnail hentry category-uncategorized category-1\" data-name=\"Il cast di WE WILL ROCK YOU \u00e8 ora ufficiale!\" data-date=\"2022-12-01T11:15:37+01:00\">\n\n<div class=\"post-thumbnail-wrap\">\n\t<div class=\"post-thumbnail\">\n\t\t\n\t\t\n\t\t<a href=\"https:\/\/www.wewillrockyou-themusical.it\/index.php\/2022\/12\/01\/il-cast-di-we-will-rock-you-e-ora-ufficiale\/\" class=\"post-thumbnail-rollover layzr-bg layzr-bg\" ><img decoding=\"async\" class=\"iso-lazy-load preload-me iso-lazy-load aspect\" src=\"data:image\/svg+xml,%3Csvg%20xmlns%3D&#39;http%3A%2F%2Fwww.w3.org%2F2000%2Fsvg&#39;%20viewBox%3D&#39;0%200%20768%20512&#39;%2F%3E\" data-src=\"https:\/\/www.wewillrockyou-themusical.it\/wp-content\/uploads\/2022\/11\/WWRY-neutra-quadra-768x512.jpg\" data-srcset=\"https:\/\/www.wewillrockyou-themusical.it\/wp-content\/uploads\/2022\/11\/WWRY-neutra-quadra-768x512.jpg 768w, https:\/\/www.wewillrockyou-themusical.it\/wp-content\/uploads\/2022\/11\/WWRY-neutra-quadra-1152x768.jpg 1152w\" loading=\"eager\" style=\"--ratio: 768 \/ 512\" sizes=\"(max-width: 768px) 100vw, 768px\" alt=\"\" title=\"WWRY neutra quadra\" width=\"768\" height=\"512\"  \/><\/a>\t<\/div>\n<\/div>\n\n\n<div class=\"post-entry-content\">\n\n\t<h3 class=\"entry-title\">\n\t\t<a href=\"https:\/\/www.wewillrockyou-themusical.it\/index.php\/2022\/12\/01\/il-cast-di-we-will-rock-you-e-ora-ufficiale\/\" title=\"Il cast di WE WILL ROCK YOU \u00e8 ora ufficiale!\" rel=\"bookmark\">Il cast di WE WILL ROCK YOU \u00e8 ora ufficiale!<\/a>\n\t<\/h3>\n\n\t<div class=\"entry-meta\"><a href=\"https:\/\/www.wewillrockyou-themusical.it\/index.php\/2022\/12\/01\/\" title=\"11:15 am\" class=\"data-link\" rel=\"bookmark\"><time class=\"entry-date updated\" datetime=\"2022-12-01T11:15:37+01:00\">01\/12\/2022<\/time><\/a><\/div>\n\t<div class=\"entry-excerpt\"><p>WE WILL ROCK YOU NUOVO SHOW e NUOVO CAST \u00a0 SCARAMOUCHE: MARTHA ROSSI GALILEO: DAMIANO BORGI KILLER QUEEN: NATASCIA FONZETTI KHASHOGGI: SALVO BRUNO OZ: ALESSANDRA FERRARI BRIT: MATTIA BRAGHERO POP: MASSIMILIANO COLONNA \u00a0 \u00a0 DA FEBBRAIO NEI TEATRI DI MILANO, TORINO, LUGANO, PADOVA, BERGAMO, TRIESTE, TRENTO, BRESCIA, FIRENZE, REGGIO EMILIA BIGLIETTI DISPONIBILI SUI PRINCIPALI CIRCUITI&hellip;<\/p>\n<\/div>\n\t\n<a href=\"https:\/\/www.wewillrockyou-themusical.it\/index.php\/2022\/12\/01\/il-cast-di-we-will-rock-you-e-ora-ufficiale\/\" class=\"post-details details-type-link\" aria-label=\"Read more about Il cast di WE WILL ROCK YOU \u00e8 ora ufficiale!\">Leggi di pi\u00f9<i class=\"dt-icon-the7-arrow-03\" aria-hidden=\"true\"><\/i><\/a>\n\n<\/div><\/article><\/div><div class=\"visible wf-cell iso-item\" data-post-id=\"501\" data-date=\"2022-11-15T10:30:44+01:00\" data-name=\"Dopo tre anni di stop forzato torna in tour WE WILL ROCK YOU, da febbraio nelle principali citt\u00e0 italiane!\"><article class=\"post project-odd visible post-501 type-post status-publish format-standard has-post-thumbnail hentry category-uncategorized category-1\" data-name=\"Dopo tre anni di stop forzato torna in tour WE WILL ROCK YOU, da febbraio nelle principali citt\u00e0 italiane!\" data-date=\"2022-11-15T10:30:44+01:00\">\n\n<div class=\"post-thumbnail-wrap\">\n\t<div class=\"post-thumbnail\">\n\t\t\n\t\t\n\t\t<a href=\"https:\/\/www.wewillrockyou-themusical.it\/index.php\/2022\/11\/15\/dopo-tre-anni-di-stop-forzato-torna-in-tour-we-will-rock-you-da-febbraio-nelle-principali-citta-italiane\/\" class=\"post-thumbnail-rollover layzr-bg layzr-bg\" ><img decoding=\"async\" class=\"iso-lazy-load preload-me iso-lazy-load aspect\" src=\"data:image\/svg+xml,%3Csvg%20xmlns%3D&#39;http%3A%2F%2Fwww.w3.org%2F2000%2Fsvg&#39;%20viewBox%3D&#39;0%200%20768%20512&#39;%2F%3E\" data-src=\"https:\/\/www.wewillrockyou-themusical.it\/wp-content\/uploads\/2022\/11\/WWRY-neutra-quadra-768x512.jpg\" data-srcset=\"https:\/\/www.wewillrockyou-themusical.it\/wp-content\/uploads\/2022\/11\/WWRY-neutra-quadra-768x512.jpg 768w, https:\/\/www.wewillrockyou-themusical.it\/wp-content\/uploads\/2022\/11\/WWRY-neutra-quadra-1152x768.jpg 1152w\" loading=\"eager\" style=\"--ratio: 768 \/ 512\" sizes=\"(max-width: 768px) 100vw, 768px\" alt=\"\" title=\"WWRY neutra quadra\" width=\"768\" height=\"512\"  \/><\/a>\t<\/div>\n<\/div>\n\n\n<div class=\"post-entry-content\">\n\n\t<h3 class=\"entry-title\">\n\t\t<a href=\"https:\/\/www.wewillrockyou-themusical.it\/index.php\/2022\/11\/15\/dopo-tre-anni-di-stop-forzato-torna-in-tour-we-will-rock-you-da-febbraio-nelle-principali-citta-italiane\/\" title=\"Dopo tre anni di stop forzato torna in tour WE WILL ROCK YOU, da febbraio nelle principali citt\u00e0 italiane!\" rel=\"bookmark\">Dopo tre anni di stop forzato torna in tour WE WILL ROCK YOU, da febbraio nelle principali citt\u00e0 italiane!<\/a>\n\t<\/h3>\n\n\t<div class=\"entry-meta\"><a href=\"https:\/\/www.wewillrockyou-themusical.it\/index.php\/2022\/11\/15\/\" title=\"10:30 am\" class=\"data-link\" rel=\"bookmark\"><time class=\"entry-date updated\" datetime=\"2022-11-15T10:30:44+01:00\">15\/11\/2022<\/time><\/a><\/div>\n\t<div class=\"entry-excerpt\"><p>Dopo una pausa forzata di tre anni ma a seguito dello straordinario successo di pubblico e critica delle due precedenti edizioni, che hanno registrato oltre 90.000 spettatori paganti nelle 82 repliche in tutta Italia, torna finalmente nel 2023 una nuova stagione di WE WILL ROCK YOU, lo spettacolo con le hit dei Queen prodotto da&hellip;<\/p>\n<\/div>\n\t\n<a href=\"https:\/\/www.wewillrockyou-themusical.it\/index.php\/2022\/11\/15\/dopo-tre-anni-di-stop-forzato-torna-in-tour-we-will-rock-you-da-febbraio-nelle-principali-citta-italiane\/\" class=\"post-details details-type-link\" aria-label=\"Read more about Dopo tre anni di stop forzato torna in tour WE WILL ROCK YOU, da febbraio nelle principali citt\u00e0 italiane!\">Leggi di pi\u00f9<i class=\"dt-icon-the7-arrow-03\" aria-hidden=\"true\"><\/i><\/a>\n\n<\/div><\/article><\/div><div class=\"visible wf-cell iso-item\" data-post-id=\"496\" data-date=\"2022-01-25T12:03:57+01:00\" data-name=\"WE WILL ROCK, confermate le date di Milano: dal 2 al 12 febbraio 2023 al Teatro Nazionale CheBanca!\"><article class=\"post project-odd visible no-img post-496 type-post status-publish format-standard hentry category-uncategorized category-1\" data-name=\"WE WILL ROCK, confermate le date di Milano: dal 2 al 12 febbraio 2023 al Teatro Nazionale CheBanca!\" data-date=\"2022-01-25T12:03:57+01:00\">\n\n<div class=\"post-entry-content\">\n\n\t<h3 class=\"entry-title\">\n\t\t<a href=\"https:\/\/www.wewillrockyou-themusical.it\/index.php\/2022\/01\/25\/we-will-rock-confermate-le-date-di-milano-dal-2-al-12-febbraio-2023-al-teatro-nazionale-chebanca\/\" title=\"WE WILL ROCK, confermate le date di Milano: dal 2 al 12 febbraio 2023 al Teatro Nazionale CheBanca!\" rel=\"bookmark\">WE WILL ROCK, confermate le date di Milano: dal 2 al 12 febbraio 2023 al Teatro Nazionale CheBanca!<\/a>\n\t<\/h3>\n\n\t<div class=\"entry-meta\"><a href=\"https:\/\/www.wewillrockyou-themusical.it\/index.php\/2022\/01\/25\/\" title=\"12:03 pm\" class=\"data-link\" rel=\"bookmark\"><time class=\"entry-date updated\" datetime=\"2022-01-25T12:03:57+01:00\">25\/01\/2022<\/time><\/a><\/div>\n\t<div class=\"entry-excerpt\"><p>Sono ora ufficiali le date di recupero delle repliche di We Will Rock You a Milano, che si terranno dal 2 al 12 febbraio 2023 al Teatro Nazionale CheBanca!. I biglietti sono disponibili sui circuiti ufficiali Ticketone, Ticketmaster e Vivaticket (online e punti vendita) e presso la biglietteria del Teatro Nazionale CheBanca!. I biglietti emessi&hellip;<\/p>\n<\/div>\n\t\n<a href=\"https:\/\/www.wewillrockyou-themusical.it\/index.php\/2022\/01\/25\/we-will-rock-confermate-le-date-di-milano-dal-2-al-12-febbraio-2023-al-teatro-nazionale-chebanca\/\" class=\"post-details details-type-link\" aria-label=\"Read more about WE WILL ROCK, confermate le date di Milano: dal 2 al 12 febbraio 2023 al Teatro Nazionale CheBanca!\">Leggi di pi\u00f9<i class=\"dt-icon-the7-arrow-03\" aria-hidden=\"true\"><\/i><\/a>\n\n<\/div><\/article><\/div><div class=\"visible wf-cell iso-item\" data-post-id=\"492\" data-date=\"2021-11-03T15:47:40+01:00\" data-name=\"Gli spettacoli milanesi previsti a gennaio 2022 sono RINVIATI. Le date sono in via di definizione\"><article class=\"post project-odd visible no-img post-492 type-post status-publish format-standard hentry category-uncategorized category-1\" data-name=\"Gli spettacoli milanesi previsti a gennaio 2022 sono RINVIATI. Le date sono in via di definizione\" data-date=\"2021-11-03T15:47:40+01:00\">\n\n<div class=\"post-entry-content\">\n\n\t<h3 class=\"entry-title\">\n\t\t<a href=\"https:\/\/www.wewillrockyou-themusical.it\/index.php\/2021\/11\/03\/gli-spettacoli-milanesi-previsti-a-gennaio-2022-sono-rinviati-le-date-sono-in-via-di-definizione\/\" title=\"Gli spettacoli milanesi previsti a gennaio 2022 sono RINVIATI. Le date sono in via di definizione\" rel=\"bookmark\">Gli spettacoli milanesi previsti a gennaio 2022 sono RINVIATI. Le date sono in via di definizione<\/a>\n\t<\/h3>\n\n\t<div class=\"entry-meta\"><a href=\"https:\/\/www.wewillrockyou-themusical.it\/index.php\/2021\/11\/03\/\" title=\"3:47 pm\" class=\"data-link\" rel=\"bookmark\"><time class=\"entry-date updated\" datetime=\"2021-11-03T15:47:40+01:00\">03\/11\/2021<\/time><\/a><\/div>\n\t<div class=\"entry-excerpt\"><p>Siamo davvero spiacenti di comunicare un ulteriore rinvio a data in via di definizione delle repliche milanesi dello show\u00a0We Will Rock You, inizialmente previste a marzo 2020 e in seguito spostate a maggio 2020 e infine a gennaio 2022 al Teatro Nazionale CheBanca!. La sofferta decisione \u00e8 stata presa alla luce di una serie di&hellip;<\/p>\n<\/div>\n\t\n<a href=\"https:\/\/www.wewillrockyou-themusical.it\/index.php\/2021\/11\/03\/gli-spettacoli-milanesi-previsti-a-gennaio-2022-sono-rinviati-le-date-sono-in-via-di-definizione\/\" class=\"post-details details-type-link\" aria-label=\"Read more about Gli spettacoli milanesi previsti a gennaio 2022 sono RINVIATI. Le date sono in via di definizione\">Leggi di pi\u00f9<i class=\"dt-icon-the7-arrow-03\" aria-hidden=\"true\"><\/i><\/a>\n\n<\/div><\/article><\/div><div class=\"visible wf-cell iso-item\" data-post-id=\"482\" data-date=\"2021-01-18T11:59:32+01:00\" data-name=\"We Will Rock You torna in scena a Milano nel 2022!\"><article class=\"post project-odd visible post-482 type-post status-publish format-standard has-post-thumbnail hentry category-uncategorized category-1\" data-name=\"We Will Rock You torna in scena a Milano nel 2022!\" data-date=\"2021-01-18T11:59:32+01:00\">\n\n<div class=\"post-thumbnail-wrap\">\n\t<div class=\"post-thumbnail\">\n\t\t\n\t\t\n\t\t<a href=\"https:\/\/www.wewillrockyou-themusical.it\/index.php\/2021\/01\/18\/we-will-rock-you-torna-in-scena-a-milano-nel-2022\/\" class=\"post-thumbnail-rollover layzr-bg layzr-bg\" ><img decoding=\"async\" class=\"iso-lazy-load preload-me iso-lazy-load aspect\" src=\"data:image\/svg+xml,%3Csvg%20xmlns%3D&#39;http%3A%2F%2Fwww.w3.org%2F2000%2Fsvg&#39;%20viewBox%3D&#39;0%200%20768%20512&#39;%2F%3E\" data-src=\"https:\/\/www.wewillrockyou-themusical.it\/wp-content\/uploads\/2021\/01\/DSC08685-768x512.jpg\" data-srcset=\"https:\/\/www.wewillrockyou-themusical.it\/wp-content\/uploads\/2021\/01\/DSC08685-768x512.jpg 768w, https:\/\/www.wewillrockyou-themusical.it\/wp-content\/uploads\/2021\/01\/DSC08685-1000x666.jpg 1000w\" loading=\"eager\" style=\"--ratio: 768 \/ 512\" sizes=\"(max-width: 768px) 100vw, 768px\" alt=\"\" title=\"DSC08685\" width=\"768\" height=\"512\"  \/><\/a>\t<\/div>\n<\/div>\n\n\n<div class=\"post-entry-content\">\n\n\t<h3 class=\"entry-title\">\n\t\t<a href=\"https:\/\/www.wewillrockyou-themusical.it\/index.php\/2021\/01\/18\/we-will-rock-you-torna-in-scena-a-milano-nel-2022\/\" title=\"We Will Rock You torna in scena a Milano nel 2022!\" rel=\"bookmark\">We Will Rock You torna in scena a Milano nel 2022!<\/a>\n\t<\/h3>\n\n\t<div class=\"entry-meta\"><a href=\"https:\/\/www.wewillrockyou-themusical.it\/index.php\/2021\/01\/18\/\" title=\"11:59 am\" class=\"data-link\" rel=\"bookmark\"><time class=\"entry-date updated\" datetime=\"2021-01-18T11:59:32+01:00\">18\/01\/2021<\/time><\/a><\/div>\n\t<div class=\"entry-excerpt\"><p>In un prolungato tempo sospeso che tutti stiamo vivendo da marzo 2020, Barley Arts ha deciso che, dopo il rinvio degli spettacoli previsti originariamente per lo scorso marzo, fosse finalmente giunto il momento di aprire le vendite per le repliche di WE WILL ROCK YOU che si terranno dal 13 al 23 gennaio 2022 presso&hellip;<\/p>\n<\/div>\n\t\n<a href=\"https:\/\/www.wewillrockyou-themusical.it\/index.php\/2021\/01\/18\/we-will-rock-you-torna-in-scena-a-milano-nel-2022\/\" class=\"post-details details-type-link\" aria-label=\"Read more about We Will Rock You torna in scena a Milano nel 2022!\">Leggi di pi\u00f9<i class=\"dt-icon-the7-arrow-03\" aria-hidden=\"true\"><\/i><\/a>\n\n<\/div><\/article><\/div><div class=\"visible wf-cell iso-item\" data-post-id=\"478\" data-date=\"2020-05-29T12:11:18+02:00\" data-name=\"Spostamento delle date  al Teatro Degli Arcimboldi\"><article class=\"post project-odd visible post-478 type-post status-publish format-standard has-post-thumbnail hentry category-uncategorized category-1\" data-name=\"Spostamento delle date  al Teatro Degli Arcimboldi\" data-date=\"2020-05-29T12:11:18+02:00\">\n\n<div class=\"post-thumbnail-wrap\">\n\t<div class=\"post-thumbnail\">\n\t\t\n\t\t\n\t\t<a href=\"https:\/\/www.wewillrockyou-themusical.it\/index.php\/2020\/05\/29\/spostamento-delle-date-al-teatro-degli-arcimboldi\/\" class=\"post-thumbnail-rollover layzr-bg layzr-bg\" ><img decoding=\"async\" class=\"iso-lazy-load preload-me iso-lazy-load aspect\" src=\"data:image\/svg+xml,%3Csvg%20xmlns%3D&#39;http%3A%2F%2Fwww.w3.org%2F2000%2Fsvg&#39;%20viewBox%3D&#39;0%200%20339%20226&#39;%2F%3E\" data-src=\"https:\/\/www.wewillrockyou-themusical.it\/wp-content\/uploads\/2019\/10\/news1-339x226.jpg\" data-srcset=\"https:\/\/www.wewillrockyou-themusical.it\/wp-content\/uploads\/2019\/10\/news1-339x226.jpg 339w\" loading=\"eager\" style=\"--ratio: 339 \/ 226\" sizes=\"(max-width: 339px) 100vw, 339px\" alt=\"\" title=\"news1\" width=\"339\" height=\"226\"  \/><\/a>\t<\/div>\n<\/div>\n\n\n<div class=\"post-entry-content\">\n\n\t<h3 class=\"entry-title\">\n\t\t<a href=\"https:\/\/www.wewillrockyou-themusical.it\/index.php\/2020\/05\/29\/spostamento-delle-date-al-teatro-degli-arcimboldi\/\" title=\"Spostamento delle date  al Teatro Degli Arcimboldi\" rel=\"bookmark\">Spostamento delle date  al Teatro Degli Arcimboldi<\/a>\n\t<\/h3>\n\n\t<div class=\"entry-meta\"><a href=\"https:\/\/www.wewillrockyou-themusical.it\/index.php\/2020\/05\/29\/\" title=\"12:11 pm\" class=\"data-link\" rel=\"bookmark\"><time class=\"entry-date updated\" datetime=\"2020-05-29T12:11:18+02:00\">29\/05\/2020<\/time><\/a><\/div>\n\t<div class=\"entry-excerpt\"><p>La produzione di \u201cWe Will Rock You\u201d comunica che, a seguito del protrarsi delle misure di contenimento e gestione dell\u2019emergenza sanitaria da COVID-19, le repliche dello spettacolo teatrale musicale a Milano, previste dal 5 al 10 maggio 2020 al Teatro degli Arcimboldi, verranno recuperate a gennaio 2022 presso il Teatro Nazionale CheBanca!. Le nuove date&hellip;<\/p>\n<\/div>\n\t\n<a href=\"https:\/\/www.wewillrockyou-themusical.it\/index.php\/2020\/05\/29\/spostamento-delle-date-al-teatro-degli-arcimboldi\/\" class=\"post-details details-type-link\" aria-label=\"Read more about Spostamento delle date  al Teatro Degli Arcimboldi\">Leggi di pi\u00f9<i class=\"dt-icon-the7-arrow-03\" aria-hidden=\"true\"><\/i><\/a>\n\n<\/div><\/article><\/div><div class=\"visible wf-cell iso-item\" data-post-id=\"412\" data-date=\"2019-11-19T11:10:58+01:00\" data-name=\"Al via il 31 ottobre la nuova stagione dello spettacolo con le musiche dei Queen\"><article class=\"post project-odd visible post-412 type-post status-publish format-standard has-post-thumbnail hentry category-uncategorized category-1\" data-name=\"Al via il 31 ottobre la nuova stagione dello spettacolo con le musiche dei Queen\" data-date=\"2019-11-19T11:10:58+01:00\">\n\n<div class=\"post-thumbnail-wrap\">\n\t<div class=\"post-thumbnail\">\n\t\t\n\t\t\n\t\t<a href=\"https:\/\/www.wewillrockyou-themusical.it\/index.php\/2019\/11\/19\/al-via-il-31-ottobre-la-nuova-stagione-dello-spettacolo-con-le-musiche-dei-queen\/\" class=\"post-thumbnail-rollover layzr-bg layzr-bg\" ><img decoding=\"async\" class=\"iso-lazy-load preload-me iso-lazy-load aspect\" src=\"data:image\/svg+xml,%3Csvg%20xmlns%3D&#39;http%3A%2F%2Fwww.w3.org%2F2000%2Fsvg&#39;%20viewBox%3D&#39;0%200%20339%20226&#39;%2F%3E\" data-src=\"https:\/\/www.wewillrockyou-themusical.it\/wp-content\/uploads\/2019\/10\/news1-339x226.jpg\" data-srcset=\"https:\/\/www.wewillrockyou-themusical.it\/wp-content\/uploads\/2019\/10\/news1-339x226.jpg 339w\" loading=\"eager\" style=\"--ratio: 339 \/ 226\" sizes=\"(max-width: 339px) 100vw, 339px\" alt=\"\" title=\"news1\" width=\"339\" height=\"226\"  \/><\/a>\t<\/div>\n<\/div>\n\n\n<div class=\"post-entry-content\">\n\n\t<h3 class=\"entry-title\">\n\t\t<a href=\"https:\/\/www.wewillrockyou-themusical.it\/index.php\/2019\/11\/19\/al-via-il-31-ottobre-la-nuova-stagione-dello-spettacolo-con-le-musiche-dei-queen\/\" title=\"Al via il 31 ottobre la nuova stagione dello spettacolo con le musiche dei Queen\" rel=\"bookmark\">Al via il 31 ottobre la nuova stagione dello spettacolo con le musiche dei Queen<\/a>\n\t<\/h3>\n\n\t<div class=\"entry-meta\"><a href=\"https:\/\/www.wewillrockyou-themusical.it\/index.php\/2019\/11\/19\/\" title=\"11:10 am\" class=\"data-link\" rel=\"bookmark\"><time class=\"entry-date updated\" datetime=\"2019-11-19T11:10:58+01:00\">19\/11\/2019<\/time><\/a><\/div>\n\t<div class=\"entry-excerpt\"><p>Dal Teatro La Fenice di Senigallia, il 31 ottobre, parte la stagione 2019\/2020 di We Will Rock You, lo spettacolo con le hit dei Queen nella nuova regia di Michaela Berlini. Dopo il grande successo di pubblico e critica della precedente edizione, che ha registrato circa 65.000 spettatori paganti nelle 56 repliche in tutta Italia,&hellip;<\/p>\n<\/div>\n\t\n<a href=\"https:\/\/www.wewillrockyou-themusical.it\/index.php\/2019\/11\/19\/al-via-il-31-ottobre-la-nuova-stagione-dello-spettacolo-con-le-musiche-dei-queen\/\" class=\"post-details details-type-link\" aria-label=\"Read more about Al via il 31 ottobre la nuova stagione dello spettacolo con le musiche dei Queen\">Leggi di pi\u00f9<i class=\"dt-icon-the7-arrow-03\" aria-hidden=\"true\"><\/i><\/a>\n\n<\/div><\/article><\/div><div class=\"visible wf-cell iso-item\" data-post-id=\"95\" data-date=\"2019-09-12T17:20:43+02:00\" data-name=\"Annunciato il nuovo cast: MARTHA ROSSI e LUCA MARCONI saranno Scaramouche e Galileo!\"><article class=\"post project-odd visible post-95 type-post status-publish format-standard has-post-thumbnail hentry category-uncategorized category-1\" data-name=\"Annunciato il nuovo cast: MARTHA ROSSI e LUCA MARCONI saranno Scaramouche e Galileo!\" data-date=\"2019-09-12T17:20:43+02:00\">\n\n<div class=\"post-thumbnail-wrap\">\n\t<div class=\"post-thumbnail\">\n\t\t\n\t\t\n\t\t<a href=\"https:\/\/www.wewillrockyou-themusical.it\/index.php\/2019\/09\/12\/we-will-rock-you-il-calendario-della-nuova-stagione-aggiunge-una-nuova-tappa-a-mestre-3\/\" class=\"post-thumbnail-rollover layzr-bg layzr-bg\" ><img decoding=\"async\" class=\"iso-lazy-load preload-me iso-lazy-load aspect\" src=\"data:image\/svg+xml,%3Csvg%20xmlns%3D&#39;http%3A%2F%2Fwww.w3.org%2F2000%2Fsvg&#39;%20viewBox%3D&#39;0%200%20339%20226&#39;%2F%3E\" data-src=\"https:\/\/www.wewillrockyou-themusical.it\/wp-content\/uploads\/2019\/10\/news1-339x226.jpg\" data-srcset=\"https:\/\/www.wewillrockyou-themusical.it\/wp-content\/uploads\/2019\/10\/news1-339x226.jpg 339w\" loading=\"eager\" style=\"--ratio: 339 \/ 226\" sizes=\"(max-width: 339px) 100vw, 339px\" alt=\"\" title=\"news1\" width=\"339\" height=\"226\"  \/><\/a>\t<\/div>\n<\/div>\n\n\n<div class=\"post-entry-content\">\n\n\t<h3 class=\"entry-title\">\n\t\t<a href=\"https:\/\/www.wewillrockyou-themusical.it\/index.php\/2019\/09\/12\/we-will-rock-you-il-calendario-della-nuova-stagione-aggiunge-una-nuova-tappa-a-mestre-3\/\" title=\"Annunciato il nuovo cast: MARTHA ROSSI e LUCA MARCONI saranno Scaramouche e Galileo!\" rel=\"bookmark\">Annunciato il nuovo cast: MARTHA ROSSI e LUCA MARCONI saranno Scaramouche e Galileo!<\/a>\n\t<\/h3>\n\n\t<div class=\"entry-meta\"><a href=\"https:\/\/www.wewillrockyou-themusical.it\/index.php\/2019\/09\/12\/\" title=\"5:20 pm\" class=\"data-link\" rel=\"bookmark\"><time class=\"entry-date updated\" datetime=\"2019-09-12T17:20:43+02:00\">12\/09\/2019<\/time><\/a><\/div>\n\t<div class=\"entry-excerpt\"><p>[vc_row][vc_column][vc_column_text]Nell\u2019aprile 2019, dopo un tour di grande successo di pubblico e critica, che ha registrato circa 65.000 spettatori paganti nelle 56 repliche che hanno toccato da nord a sud le principali citt\u00e0 italiane, si \u00e8 conclusa la prima stagione teatrale di We Will Rock You, lo spettacolo con le canzoni dei Queen. Le vicende di&hellip;<\/p>\n<\/div>\n\t\n<a href=\"https:\/\/www.wewillrockyou-themusical.it\/index.php\/2019\/09\/12\/we-will-rock-you-il-calendario-della-nuova-stagione-aggiunge-una-nuova-tappa-a-mestre-3\/\" class=\"post-details details-type-link\" aria-label=\"Read more about Annunciato il nuovo cast: MARTHA ROSSI e LUCA MARCONI saranno Scaramouche e Galileo!\">Leggi di pi\u00f9<i class=\"dt-icon-the7-arrow-03\" aria-hidden=\"true\"><\/i><\/a>\n\n<\/div><\/article><\/div><div class=\"visible wf-cell iso-item\" data-post-id=\"86\" data-date=\"2019-07-18T16:53:19+02:00\" data-name=\"We will rock you, il calendario della nuova stagione aggiunge una nuova tappa a Mestre!\"><article class=\"post project-odd visible post-86 type-post status-publish format-standard has-post-thumbnail hentry category-uncategorized category-1\" data-name=\"We will rock you, il calendario della nuova stagione aggiunge una nuova tappa a Mestre!\" data-date=\"2019-07-18T16:53:19+02:00\">\n\n<div class=\"post-thumbnail-wrap\">\n\t<div class=\"post-thumbnail\">\n\t\t\n\t\t\n\t\t<a href=\"https:\/\/www.wewillrockyou-themusical.it\/index.php\/2019\/07\/18\/we-will-rock-you-il-calendario-della-nuova-stagione-aggiunge-una-nuova-tappa-a-mestre\/\" class=\"post-thumbnail-rollover layzr-bg layzr-bg\" ><img decoding=\"async\" class=\"iso-lazy-load preload-me iso-lazy-load aspect\" src=\"data:image\/svg+xml,%3Csvg%20xmlns%3D&#39;http%3A%2F%2Fwww.w3.org%2F2000%2Fsvg&#39;%20viewBox%3D&#39;0%200%20339%20226&#39;%2F%3E\" data-src=\"https:\/\/www.wewillrockyou-themusical.it\/wp-content\/uploads\/2019\/10\/news1-339x226.jpg\" data-srcset=\"https:\/\/www.wewillrockyou-themusical.it\/wp-content\/uploads\/2019\/10\/news1-339x226.jpg 339w\" loading=\"eager\" style=\"--ratio: 339 \/ 226\" sizes=\"(max-width: 339px) 100vw, 339px\" alt=\"\" title=\"news1\" width=\"339\" height=\"226\"  \/><\/a>\t<\/div>\n<\/div>\n\n\n<div class=\"post-entry-content\">\n\n\t<h3 class=\"entry-title\">\n\t\t<a href=\"https:\/\/www.wewillrockyou-themusical.it\/index.php\/2019\/07\/18\/we-will-rock-you-il-calendario-della-nuova-stagione-aggiunge-una-nuova-tappa-a-mestre\/\" title=\"We will rock you, il calendario della nuova stagione aggiunge una nuova tappa a Mestre!\" rel=\"bookmark\">We will rock you, il calendario della nuova stagione aggiunge una nuova tappa a Mestre!<\/a>\n\t<\/h3>\n\n\t<div class=\"entry-meta\"><a href=\"https:\/\/www.wewillrockyou-themusical.it\/index.php\/2019\/07\/18\/\" title=\"4:53 pm\" class=\"data-link\" rel=\"bookmark\"><time class=\"entry-date updated\" datetime=\"2019-07-18T16:53:19+02:00\">18\/07\/2019<\/time><\/a><\/div>\n\t<div class=\"entry-excerpt\"><p>L\u201911 aprile 2019, nel prestigioso Teatro Regio di Parma, davanti ad un pubblico appassionato e felice, si \u00e8 conclusa la prima stagione teatrale di We Will Rock You, lo spettacolo con le canzoni dei Queen. Dopo un tour di grande successo sia di pubblico che di critica, e che ha registrato circa 65.000 spettatori paganti&hellip;<\/p>\n<\/div>\n\t\n<a href=\"https:\/\/www.wewillrockyou-themusical.it\/index.php\/2019\/07\/18\/we-will-rock-you-il-calendario-della-nuova-stagione-aggiunge-una-nuova-tappa-a-mestre\/\" class=\"post-details details-type-link\" aria-label=\"Read more about We will rock you, il calendario della nuova stagione aggiunge una nuova tappa a Mestre!\">Leggi di pi\u00f9<i class=\"dt-icon-the7-arrow-03\" aria-hidden=\"true\"><\/i><\/a>\n\n<\/div><\/article><\/div><div class=\"visible wf-cell iso-item\" data-post-id=\"92\" data-date=\"2019-01-23T17:20:25+01:00\" data-name=\"La Queenmania sbarca a Parma: WE WILL ROCK YOU al Teatro Regio l\u201911 aprile!\"><article class=\"post project-odd visible post-92 type-post status-publish format-standard has-post-thumbnail hentry category-uncategorized category-1\" data-name=\"La Queenmania sbarca a Parma: WE WILL ROCK YOU al Teatro Regio l\u201911 aprile!\" data-date=\"2019-01-23T17:20:25+01:00\">\n\n<div class=\"post-thumbnail-wrap\">\n\t<div class=\"post-thumbnail\">\n\t\t\n\t\t\n\t\t<a href=\"https:\/\/www.wewillrockyou-themusical.it\/index.php\/2019\/01\/23\/we-will-rock-you-il-calendario-della-nuova-stagione-aggiunge-una-nuova-tappa-a-mestre-2\/\" class=\"post-thumbnail-rollover layzr-bg layzr-bg\" ><img decoding=\"async\" class=\"iso-lazy-load preload-me iso-lazy-load aspect\" src=\"data:image\/svg+xml,%3Csvg%20xmlns%3D&#39;http%3A%2F%2Fwww.w3.org%2F2000%2Fsvg&#39;%20viewBox%3D&#39;0%200%20339%20226&#39;%2F%3E\" data-src=\"https:\/\/www.wewillrockyou-themusical.it\/wp-content\/uploads\/2019\/10\/news1-339x226.jpg\" data-srcset=\"https:\/\/www.wewillrockyou-themusical.it\/wp-content\/uploads\/2019\/10\/news1-339x226.jpg 339w\" loading=\"eager\" style=\"--ratio: 339 \/ 226\" sizes=\"(max-width: 339px) 100vw, 339px\" alt=\"\" title=\"news1\" width=\"339\" height=\"226\"  \/><\/a>\t<\/div>\n<\/div>\n\n\n<div class=\"post-entry-content\">\n\n\t<h3 class=\"entry-title\">\n\t\t<a href=\"https:\/\/www.wewillrockyou-themusical.it\/index.php\/2019\/01\/23\/we-will-rock-you-il-calendario-della-nuova-stagione-aggiunge-una-nuova-tappa-a-mestre-2\/\" title=\"La Queenmania sbarca a Parma: WE WILL ROCK YOU al Teatro Regio l\u201911 aprile!\" rel=\"bookmark\">La Queenmania sbarca a Parma: WE WILL ROCK YOU al Teatro Regio l\u201911 aprile!<\/a>\n\t<\/h3>\n\n\t<div class=\"entry-meta\"><a href=\"https:\/\/www.wewillrockyou-themusical.it\/index.php\/2019\/01\/23\/\" title=\"5:20 pm\" class=\"data-link\" rel=\"bookmark\"><time class=\"entry-date updated\" datetime=\"2019-01-23T17:20:25+01:00\">23\/01\/2019<\/time><\/a><\/div>\n\t<div class=\"entry-excerpt\"><p>Annunciata anche PARMA tra le date di We Will Rock You, la nuova edizione dello spettacolo con le canzoni immortali dei Queen, che con oltre 8 milioni di spettatori, 2700 performance e 12 anni consecutivi di repliche a Londra, \u00e8 considerato tra i musical pi\u00f9 rappresentati al mondo. Dopo una straordinaria partenza ad ottobre che&hellip;<\/p>\n<\/div>\n\t\n<a href=\"https:\/\/www.wewillrockyou-themusical.it\/index.php\/2019\/01\/23\/we-will-rock-you-il-calendario-della-nuova-stagione-aggiunge-una-nuova-tappa-a-mestre-2\/\" class=\"post-details details-type-link\" aria-label=\"Read more about La Queenmania sbarca a Parma: WE WILL ROCK YOU al Teatro Regio l\u201911 aprile!\">Leggi di pi\u00f9<i class=\"dt-icon-the7-arrow-03\" aria-hidden=\"true\"><\/i><\/a>\n\n<\/div><\/article><\/div><div class=\"visible wf-cell iso-item\" data-post-id=\"94\" data-date=\"2018-07-26T17:20:38+02:00\" data-name=\"Annunciati i nomi del cast e dieci nuove tappe per la stagione 2018-2019\"><article class=\"post project-odd visible post-94 type-post status-publish format-standard has-post-thumbnail hentry category-uncategorized category-1\" data-name=\"Annunciati i nomi del cast e dieci nuove tappe per la stagione 2018-2019\" data-date=\"2018-07-26T17:20:38+02:00\">\n\n<div class=\"post-thumbnail-wrap\">\n\t<div class=\"post-thumbnail\">\n\t\t\n\t\t\n\t\t<a href=\"https:\/\/www.wewillrockyou-themusical.it\/index.php\/2018\/07\/26\/we-will-rock-you-il-calendario-della-nuova-stagione-aggiunge-una-nuova-tappa-a-mestre-4\/\" class=\"post-thumbnail-rollover layzr-bg layzr-bg\" ><img decoding=\"async\" class=\"iso-lazy-load preload-me iso-lazy-load aspect\" src=\"data:image\/svg+xml,%3Csvg%20xmlns%3D&#39;http%3A%2F%2Fwww.w3.org%2F2000%2Fsvg&#39;%20viewBox%3D&#39;0%200%20339%20226&#39;%2F%3E\" data-src=\"https:\/\/www.wewillrockyou-themusical.it\/wp-content\/uploads\/2019\/10\/news1-339x226.jpg\" data-srcset=\"https:\/\/www.wewillrockyou-themusical.it\/wp-content\/uploads\/2019\/10\/news1-339x226.jpg 339w\" loading=\"eager\" style=\"--ratio: 339 \/ 226\" sizes=\"(max-width: 339px) 100vw, 339px\" alt=\"\" title=\"news1\" width=\"339\" height=\"226\"  \/><\/a>\t<\/div>\n<\/div>\n\n\n<div class=\"post-entry-content\">\n\n\t<h3 class=\"entry-title\">\n\t\t<a href=\"https:\/\/www.wewillrockyou-themusical.it\/index.php\/2018\/07\/26\/we-will-rock-you-il-calendario-della-nuova-stagione-aggiunge-una-nuova-tappa-a-mestre-4\/\" title=\"Annunciati i nomi del cast e dieci nuove tappe per la stagione 2018-2019\" rel=\"bookmark\">Annunciati i nomi del cast e dieci nuove tappe per la stagione 2018-2019<\/a>\n\t<\/h3>\n\n\t<div class=\"entry-meta\"><a href=\"https:\/\/www.wewillrockyou-themusical.it\/index.php\/2018\/07\/26\/\" title=\"5:20 pm\" class=\"data-link\" rel=\"bookmark\"><time class=\"entry-date updated\" datetime=\"2018-07-26T17:20:38+02:00\">26\/07\/2018<\/time><\/a><\/div>\n\t<div class=\"entry-excerpt\"><p>Dopo il grande successo del 2009 e 2010,\u00a0We Will Rock You,\u00a0lo spettacolo con i pi\u00f9 grandi successi dei\u00a0Queene tra i musical pi\u00f9 rappresentati al mondo, \u00e8 finalmente pronto a ritornare sulle scene italiane da ottobre: dopo il boom di candidature alle audizioni, vengono finalmente presentati i nomi dei nuovi protagonisti.\u00a0Intanto il calendario del lungo tour&hellip;<\/p>\n<\/div>\n\t\n<a href=\"https:\/\/www.wewillrockyou-themusical.it\/index.php\/2018\/07\/26\/we-will-rock-you-il-calendario-della-nuova-stagione-aggiunge-una-nuova-tappa-a-mestre-4\/\" class=\"post-details details-type-link\" aria-label=\"Read more about Annunciati i nomi del cast e dieci nuove tappe per la stagione 2018-2019\">Leggi di pi\u00f9<i class=\"dt-icon-the7-arrow-03\" aria-hidden=\"true\"><\/i><\/a>\n\n<\/div><\/article><\/div><\/div><!-- iso-container|iso-grid --><\/div>[vc_empty_space][vc_column_text]<a id=\"gallery\" name=\"gallery\"><\/a>[\/vc_column_text][vc_custom_heading text=&#8221;SEGUICI SU INSTAGRAM&#8221; font_container=&#8221;tag:h3|text_align:center|color:%23ff9900&#8243; el_class=&#8221;titleInstagram&#8221;][vc_column_text]\n<div id=\"sb_instagram\"  class=\"sbi sbi_mob_col_1 sbi_tab_col_2 sbi_col_4 sbi_width_resp\" style=\"padding-bottom: 10px;\"\t data-feedid=\"*1\"  data-res=\"auto\" data-cols=\"4\" data-colsmobile=\"1\" data-colstablet=\"2\" data-num=\"4\" data-nummobile=\"4\" data-item-padding=\"5\"\t data-shortcode-atts=\"{&quot;feed&quot;:&quot;1&quot;}\"  data-postid=\"2\" data-locatornonce=\"8dfe703d5f\" data-imageaspectratio=\"1:1\" data-sbi-flags=\"favorLocal,gdpr\">\n\t\n\t<div id=\"sbi_images\"  style=\"gap: 10px;\">\n\t\t<div class=\"sbi_item sbi_type_image sbi_new sbi_transition\"\n\tid=\"sbi_18245590102219638\" data-date=\"1710254736\">\n\t<div class=\"sbi_photo_wrap\">\n\t\t<a class=\"sbi_photo\" href=\"https:\/\/www.instagram.com\/p\/C4awRUMqF71\/\" target=\"_blank\" rel=\"noopener nofollow\"\n\t\t\tdata-full-res=\"https:\/\/scontent-fco2-1.cdninstagram.com\/v\/t39.30808-6\/418725412_970619607938779_2166206248821837043_n.jpg?_nc_cat=102&#038;ccb=1-7&#038;_nc_sid=18de74&#038;_nc_ohc=1TsEHgdV-RUQ7kNvgHjAe2V&#038;_nc_zt=23&#038;_nc_ht=scontent-fco2-1.cdninstagram.com&#038;edm=ANo9K5cEAAAA&#038;_nc_gid=AIM0llEF0o1wJXPs4Btmza2&#038;oh=00_AYAcMGwp1exdtd4v3x2ZeAxXjzzeArxUZNyLf9Nc1SV8Ng&#038;oe=6756253F\"\n\t\t\tdata-img-src-set=\"{&quot;d&quot;:&quot;https:\\\/\\\/scontent-fco2-1.cdninstagram.com\\\/v\\\/t39.30808-6\\\/418725412_970619607938779_2166206248821837043_n.jpg?_nc_cat=102&amp;ccb=1-7&amp;_nc_sid=18de74&amp;_nc_ohc=1TsEHgdV-RUQ7kNvgHjAe2V&amp;_nc_zt=23&amp;_nc_ht=scontent-fco2-1.cdninstagram.com&amp;edm=ANo9K5cEAAAA&amp;_nc_gid=AIM0llEF0o1wJXPs4Btmza2&amp;oh=00_AYAcMGwp1exdtd4v3x2ZeAxXjzzeArxUZNyLf9Nc1SV8Ng&amp;oe=6756253F&quot;,&quot;150&quot;:&quot;https:\\\/\\\/scontent-fco2-1.cdninstagram.com\\\/v\\\/t39.30808-6\\\/418725412_970619607938779_2166206248821837043_n.jpg?_nc_cat=102&amp;ccb=1-7&amp;_nc_sid=18de74&amp;_nc_ohc=1TsEHgdV-RUQ7kNvgHjAe2V&amp;_nc_zt=23&amp;_nc_ht=scontent-fco2-1.cdninstagram.com&amp;edm=ANo9K5cEAAAA&amp;_nc_gid=AIM0llEF0o1wJXPs4Btmza2&amp;oh=00_AYAcMGwp1exdtd4v3x2ZeAxXjzzeArxUZNyLf9Nc1SV8Ng&amp;oe=6756253F&quot;,&quot;320&quot;:&quot;https:\\\/\\\/scontent-fco2-1.cdninstagram.com\\\/v\\\/t39.30808-6\\\/418725412_970619607938779_2166206248821837043_n.jpg?_nc_cat=102&amp;ccb=1-7&amp;_nc_sid=18de74&amp;_nc_ohc=1TsEHgdV-RUQ7kNvgHjAe2V&amp;_nc_zt=23&amp;_nc_ht=scontent-fco2-1.cdninstagram.com&amp;edm=ANo9K5cEAAAA&amp;_nc_gid=AIM0llEF0o1wJXPs4Btmza2&amp;oh=00_AYAcMGwp1exdtd4v3x2ZeAxXjzzeArxUZNyLf9Nc1SV8Ng&amp;oe=6756253F&quot;,&quot;640&quot;:&quot;https:\\\/\\\/scontent-fco2-1.cdninstagram.com\\\/v\\\/t39.30808-6\\\/418725412_970619607938779_2166206248821837043_n.jpg?_nc_cat=102&amp;ccb=1-7&amp;_nc_sid=18de74&amp;_nc_ohc=1TsEHgdV-RUQ7kNvgHjAe2V&amp;_nc_zt=23&amp;_nc_ht=scontent-fco2-1.cdninstagram.com&amp;edm=ANo9K5cEAAAA&amp;_nc_gid=AIM0llEF0o1wJXPs4Btmza2&amp;oh=00_AYAcMGwp1exdtd4v3x2ZeAxXjzzeArxUZNyLf9Nc1SV8Ng&amp;oe=6756253F&quot;}\">\n\t\t\t<span class=\"sbi-screenreader\">Una sola parola a volte \u00e8 pi\u00f9 che sufficiente: GRA<\/span>\n\t\t\t\t\t\t\t\t\t<img decoding=\"async\" src=\"https:\/\/www.wewillrockyou-themusical.it\/wp-content\/plugins\/instagram-feed\/img\/placeholder.png\" alt=\"Una sola parola a volte \u00e8 pi\u00f9 che sufficiente: GRAZIE!\nQuesta sera il Teatro Galli di Rimini avr\u00e0 l&#039;onore di ospitare l&#039;ultimo capitolo di questa incredibile stagione. \ud83d\udd25\nAvete reso glorioso We Will Rock You ancora una volta.\n\nVirgin Radio Italy \u00e8 radio ufficiale del tour.\nEnergizer \u00e8 partner tecnico.\n\n@virginradioit\n@energizer\" aria-hidden=\"true\">\n\t\t<\/a>\n\t<\/div>\n<\/div><div class=\"sbi_item sbi_type_image sbi_new sbi_transition\"\n\tid=\"sbi_18027342475812771\" data-date=\"1710176447\">\n\t<div class=\"sbi_photo_wrap\">\n\t\t<a class=\"sbi_photo\" href=\"https:\/\/www.instagram.com\/p\/C4Ya8mztBIa\/\" target=\"_blank\" rel=\"noopener nofollow\"\n\t\t\tdata-full-res=\"https:\/\/scontent-fco2-1.cdninstagram.com\/v\/t39.30808-6\/418171527_970030897997650_1106793200619856803_n.jpg?_nc_cat=107&#038;ccb=1-7&#038;_nc_sid=18de74&#038;_nc_ohc=_KnHB4SxAn4Q7kNvgEHuk5p&#038;_nc_zt=23&#038;_nc_ht=scontent-fco2-1.cdninstagram.com&#038;edm=ANo9K5cEAAAA&#038;_nc_gid=AIM0llEF0o1wJXPs4Btmza2&#038;oh=00_AYD-C_as8rhSOfAef-3iyp1_liT-fpr46KhqLFFP2NLWbw&#038;oe=67562915\"\n\t\t\tdata-img-src-set=\"{&quot;d&quot;:&quot;https:\\\/\\\/scontent-fco2-1.cdninstagram.com\\\/v\\\/t39.30808-6\\\/418171527_970030897997650_1106793200619856803_n.jpg?_nc_cat=107&amp;ccb=1-7&amp;_nc_sid=18de74&amp;_nc_ohc=_KnHB4SxAn4Q7kNvgEHuk5p&amp;_nc_zt=23&amp;_nc_ht=scontent-fco2-1.cdninstagram.com&amp;edm=ANo9K5cEAAAA&amp;_nc_gid=AIM0llEF0o1wJXPs4Btmza2&amp;oh=00_AYD-C_as8rhSOfAef-3iyp1_liT-fpr46KhqLFFP2NLWbw&amp;oe=67562915&quot;,&quot;150&quot;:&quot;https:\\\/\\\/scontent-fco2-1.cdninstagram.com\\\/v\\\/t39.30808-6\\\/418171527_970030897997650_1106793200619856803_n.jpg?_nc_cat=107&amp;ccb=1-7&amp;_nc_sid=18de74&amp;_nc_ohc=_KnHB4SxAn4Q7kNvgEHuk5p&amp;_nc_zt=23&amp;_nc_ht=scontent-fco2-1.cdninstagram.com&amp;edm=ANo9K5cEAAAA&amp;_nc_gid=AIM0llEF0o1wJXPs4Btmza2&amp;oh=00_AYD-C_as8rhSOfAef-3iyp1_liT-fpr46KhqLFFP2NLWbw&amp;oe=67562915&quot;,&quot;320&quot;:&quot;https:\\\/\\\/scontent-fco2-1.cdninstagram.com\\\/v\\\/t39.30808-6\\\/418171527_970030897997650_1106793200619856803_n.jpg?_nc_cat=107&amp;ccb=1-7&amp;_nc_sid=18de74&amp;_nc_ohc=_KnHB4SxAn4Q7kNvgEHuk5p&amp;_nc_zt=23&amp;_nc_ht=scontent-fco2-1.cdninstagram.com&amp;edm=ANo9K5cEAAAA&amp;_nc_gid=AIM0llEF0o1wJXPs4Btmza2&amp;oh=00_AYD-C_as8rhSOfAef-3iyp1_liT-fpr46KhqLFFP2NLWbw&amp;oe=67562915&quot;,&quot;640&quot;:&quot;https:\\\/\\\/scontent-fco2-1.cdninstagram.com\\\/v\\\/t39.30808-6\\\/418171527_970030897997650_1106793200619856803_n.jpg?_nc_cat=107&amp;ccb=1-7&amp;_nc_sid=18de74&amp;_nc_ohc=_KnHB4SxAn4Q7kNvgEHuk5p&amp;_nc_zt=23&amp;_nc_ht=scontent-fco2-1.cdninstagram.com&amp;edm=ANo9K5cEAAAA&amp;_nc_gid=AIM0llEF0o1wJXPs4Btmza2&amp;oh=00_AYD-C_as8rhSOfAef-3iyp1_liT-fpr46KhqLFFP2NLWbw&amp;oe=67562915&quot;}\">\n\t\t\t<span class=\"sbi-screenreader\">Poche ore ci separano al gran finale. \u26a1\nPugno all&#039;<\/span>\n\t\t\t\t\t\t\t\t\t<img decoding=\"async\" src=\"https:\/\/www.wewillrockyou-themusical.it\/wp-content\/plugins\/instagram-feed\/img\/placeholder.png\" alt=\"Poche ore ci separano al gran finale. \u26a1\nPugno all&#039;aria per le ultime note di un viaggio che ci ha accompagnato fra colpi di scena, talento, passione e spirito rock.\nRimini: domani \u00e8 il tuo turno.\n\nVirgin Radio Italy \u00e8 radio ufficiale del tour.\nEnergizer \u00e8 partner tecnico.\n\n\ud83d\udeab NO SECONDARY TICKETING\n\n@virginradioit\n@energizer\" aria-hidden=\"true\">\n\t\t<\/a>\n\t<\/div>\n<\/div><div class=\"sbi_item sbi_type_image sbi_new sbi_transition\"\n\tid=\"sbi_18422335510005376\" data-date=\"1709917238\">\n\t<div class=\"sbi_photo_wrap\">\n\t\t<a class=\"sbi_photo\" href=\"https:\/\/www.instagram.com\/p\/C4Qsi4eNaNZ\/\" target=\"_blank\" rel=\"noopener nofollow\"\n\t\t\tdata-full-res=\"https:\/\/scontent-fco2-1.cdninstagram.com\/v\/t39.30808-6\/417545123_967546098246130_7923372279888455804_n.jpg?_nc_cat=111&#038;ccb=1-7&#038;_nc_sid=18de74&#038;_nc_ohc=9RH6y4S0YFIQ7kNvgFEL8FA&#038;_nc_zt=23&#038;_nc_ht=scontent-fco2-1.cdninstagram.com&#038;edm=ANo9K5cEAAAA&#038;_nc_gid=AIM0llEF0o1wJXPs4Btmza2&#038;oh=00_AYD4S_Jozs4843fPOB51py8xZwyxdtzXbvZPrNEnlbCJxA&#038;oe=6755FC3B\"\n\t\t\tdata-img-src-set=\"{&quot;d&quot;:&quot;https:\\\/\\\/scontent-fco2-1.cdninstagram.com\\\/v\\\/t39.30808-6\\\/417545123_967546098246130_7923372279888455804_n.jpg?_nc_cat=111&amp;ccb=1-7&amp;_nc_sid=18de74&amp;_nc_ohc=9RH6y4S0YFIQ7kNvgFEL8FA&amp;_nc_zt=23&amp;_nc_ht=scontent-fco2-1.cdninstagram.com&amp;edm=ANo9K5cEAAAA&amp;_nc_gid=AIM0llEF0o1wJXPs4Btmza2&amp;oh=00_AYD4S_Jozs4843fPOB51py8xZwyxdtzXbvZPrNEnlbCJxA&amp;oe=6755FC3B&quot;,&quot;150&quot;:&quot;https:\\\/\\\/scontent-fco2-1.cdninstagram.com\\\/v\\\/t39.30808-6\\\/417545123_967546098246130_7923372279888455804_n.jpg?_nc_cat=111&amp;ccb=1-7&amp;_nc_sid=18de74&amp;_nc_ohc=9RH6y4S0YFIQ7kNvgFEL8FA&amp;_nc_zt=23&amp;_nc_ht=scontent-fco2-1.cdninstagram.com&amp;edm=ANo9K5cEAAAA&amp;_nc_gid=AIM0llEF0o1wJXPs4Btmza2&amp;oh=00_AYD4S_Jozs4843fPOB51py8xZwyxdtzXbvZPrNEnlbCJxA&amp;oe=6755FC3B&quot;,&quot;320&quot;:&quot;https:\\\/\\\/scontent-fco2-1.cdninstagram.com\\\/v\\\/t39.30808-6\\\/417545123_967546098246130_7923372279888455804_n.jpg?_nc_cat=111&amp;ccb=1-7&amp;_nc_sid=18de74&amp;_nc_ohc=9RH6y4S0YFIQ7kNvgFEL8FA&amp;_nc_zt=23&amp;_nc_ht=scontent-fco2-1.cdninstagram.com&amp;edm=ANo9K5cEAAAA&amp;_nc_gid=AIM0llEF0o1wJXPs4Btmza2&amp;oh=00_AYD4S_Jozs4843fPOB51py8xZwyxdtzXbvZPrNEnlbCJxA&amp;oe=6755FC3B&quot;,&quot;640&quot;:&quot;https:\\\/\\\/scontent-fco2-1.cdninstagram.com\\\/v\\\/t39.30808-6\\\/417545123_967546098246130_7923372279888455804_n.jpg?_nc_cat=111&amp;ccb=1-7&amp;_nc_sid=18de74&amp;_nc_ohc=9RH6y4S0YFIQ7kNvgFEL8FA&amp;_nc_zt=23&amp;_nc_ht=scontent-fco2-1.cdninstagram.com&amp;edm=ANo9K5cEAAAA&amp;_nc_gid=AIM0llEF0o1wJXPs4Btmza2&amp;oh=00_AYD4S_Jozs4843fPOB51py8xZwyxdtzXbvZPrNEnlbCJxA&amp;oe=6755FC3B&quot;}\">\n\t\t\t<span class=\"sbi-screenreader\">Una manciata di ore ci separano dal ritorno in sce<\/span>\n\t\t\t\t\t\t\t\t\t<img decoding=\"async\" src=\"https:\/\/www.wewillrockyou-themusical.it\/wp-content\/plugins\/instagram-feed\/img\/placeholder.png\" alt=\"Una manciata di ore ci separano dal ritorno in scena dello spettacolo musicale pi\u00f9 rock dell&#039;anno! Penultima tappa a calendario di questa incredibile stagione. \u2604\nUdine: \u00e8 il tuo turno!\n\nVirgin Radio Italy \u00e8 radio ufficiale del tour.\nEnergizer \u00e8 partner tecnico.\n\n\ud83d\udeab NO SECONDARY TICKETING\n\n@virginradioit\n@energizer\" aria-hidden=\"true\">\n\t\t<\/a>\n\t<\/div>\n<\/div><div class=\"sbi_item sbi_type_image sbi_new sbi_transition\"\n\tid=\"sbi_17951999039756894\" data-date=\"1709744438\">\n\t<div class=\"sbi_photo_wrap\">\n\t\t<a class=\"sbi_photo\" href=\"https:\/\/www.instagram.com\/p\/C4Li9CNqJiB\/\" target=\"_blank\" rel=\"noopener nofollow\"\n\t\t\tdata-full-res=\"https:\/\/scontent-fco2-1.cdninstagram.com\/v\/t39.30808-6\/417492130_966959024971504_8042194070401137462_n.jpg?_nc_cat=100&#038;ccb=1-7&#038;_nc_sid=18de74&#038;_nc_ohc=9Out4P2MNH4Q7kNvgHINvSt&#038;_nc_zt=23&#038;_nc_ht=scontent-fco2-1.cdninstagram.com&#038;edm=ANo9K5cEAAAA&#038;_nc_gid=AIM0llEF0o1wJXPs4Btmza2&#038;oh=00_AYApqtFh_xLiJrV0wB6tGVxC8GaKzEdEWKmKtaKg7P_mTw&#038;oe=67560B00\"\n\t\t\tdata-img-src-set=\"{&quot;d&quot;:&quot;https:\\\/\\\/scontent-fco2-1.cdninstagram.com\\\/v\\\/t39.30808-6\\\/417492130_966959024971504_8042194070401137462_n.jpg?_nc_cat=100&amp;ccb=1-7&amp;_nc_sid=18de74&amp;_nc_ohc=9Out4P2MNH4Q7kNvgHINvSt&amp;_nc_zt=23&amp;_nc_ht=scontent-fco2-1.cdninstagram.com&amp;edm=ANo9K5cEAAAA&amp;_nc_gid=AIM0llEF0o1wJXPs4Btmza2&amp;oh=00_AYApqtFh_xLiJrV0wB6tGVxC8GaKzEdEWKmKtaKg7P_mTw&amp;oe=67560B00&quot;,&quot;150&quot;:&quot;https:\\\/\\\/scontent-fco2-1.cdninstagram.com\\\/v\\\/t39.30808-6\\\/417492130_966959024971504_8042194070401137462_n.jpg?_nc_cat=100&amp;ccb=1-7&amp;_nc_sid=18de74&amp;_nc_ohc=9Out4P2MNH4Q7kNvgHINvSt&amp;_nc_zt=23&amp;_nc_ht=scontent-fco2-1.cdninstagram.com&amp;edm=ANo9K5cEAAAA&amp;_nc_gid=AIM0llEF0o1wJXPs4Btmza2&amp;oh=00_AYApqtFh_xLiJrV0wB6tGVxC8GaKzEdEWKmKtaKg7P_mTw&amp;oe=67560B00&quot;,&quot;320&quot;:&quot;https:\\\/\\\/scontent-fco2-1.cdninstagram.com\\\/v\\\/t39.30808-6\\\/417492130_966959024971504_8042194070401137462_n.jpg?_nc_cat=100&amp;ccb=1-7&amp;_nc_sid=18de74&amp;_nc_ohc=9Out4P2MNH4Q7kNvgHINvSt&amp;_nc_zt=23&amp;_nc_ht=scontent-fco2-1.cdninstagram.com&amp;edm=ANo9K5cEAAAA&amp;_nc_gid=AIM0llEF0o1wJXPs4Btmza2&amp;oh=00_AYApqtFh_xLiJrV0wB6tGVxC8GaKzEdEWKmKtaKg7P_mTw&amp;oe=67560B00&quot;,&quot;640&quot;:&quot;https:\\\/\\\/scontent-fco2-1.cdninstagram.com\\\/v\\\/t39.30808-6\\\/417492130_966959024971504_8042194070401137462_n.jpg?_nc_cat=100&amp;ccb=1-7&amp;_nc_sid=18de74&amp;_nc_ohc=9Out4P2MNH4Q7kNvgHINvSt&amp;_nc_zt=23&amp;_nc_ht=scontent-fco2-1.cdninstagram.com&amp;edm=ANo9K5cEAAAA&amp;_nc_gid=AIM0llEF0o1wJXPs4Btmza2&amp;oh=00_AYApqtFh_xLiJrV0wB6tGVxC8GaKzEdEWKmKtaKg7P_mTw&amp;oe=67560B00&quot;}\">\n\t\t\t<span class=\"sbi-screenreader\">Udine si prepara al glorioso ritorno in scena dell<\/span>\n\t\t\t\t\t\t\t\t\t<img decoding=\"async\" src=\"https:\/\/www.wewillrockyou-themusical.it\/wp-content\/plugins\/instagram-feed\/img\/placeholder.png\" alt=\"Udine si prepara al glorioso ritorno in scena dello spettacolo rock che ha fatto innamorare e cantare migliaia di italiani. \ud83e\udd18\ud83c\udffb\nIl palco \u00e8 pronto, il teatro pure: mancate solo voi!\n\nVirgin Radio Italy \u00e8 radio ufficiale del tour.\nEnergizer \u00e8 partner tecnico.\n\n\ud83d\udeab NO SECONDARY TICKETING\n\n@virginradioit\n@energizer\" aria-hidden=\"true\">\n\t\t<\/a>\n\t<\/div>\n<\/div>\t<\/div>\n\n\t<div id=\"sbi_load\" >\n\n\t\t\t<button class=\"sbi_load_btn\"\n\t\t\ttype=\"button\" >\n\t\t\t<span class=\"sbi_btn_text\" >Carica di pi\u00f9<\/span>\n\t\t\t<span class=\"sbi_loader sbi_hidden\" style=\"background-color: rgb(255, 255, 255);\" aria-hidden=\"true\"><\/span>\n\t\t<\/button>\n\t\n\t\t\t<span class=\"sbi_follow_btn sbi_custom\" >\n\t\t\t<a target=\"_blank\"\n\t\t\t\trel=\"nofollow noopener\"  href=\"https:\/\/www.instagram.com\/wewillrockyou_italia\/\" style=\"background: rgb(64,139,209);\">\n\t\t\t\t<svg class=\"svg-inline--fa fa-instagram fa-w-14\" aria-hidden=\"true\" data-fa-processed=\"\" aria-label=\"Instagram\" data-prefix=\"fab\" data-icon=\"instagram\" role=\"img\" viewBox=\"0 0 448 512\">\n                    <path fill=\"currentColor\" d=\"M224.1 141c-63.6 0-114.9 51.3-114.9 114.9s51.3 114.9 114.9 114.9S339 319.5 339 255.9 287.7 141 224.1 141zm0 189.6c-41.1 0-74.7-33.5-74.7-74.7s33.5-74.7 74.7-74.7 74.7 33.5 74.7 74.7-33.6 74.7-74.7 74.7zm146.4-194.3c0 14.9-12 26.8-26.8 26.8-14.9 0-26.8-12-26.8-26.8s12-26.8 26.8-26.8 26.8 12 26.8 26.8zm76.1 27.2c-1.7-35.9-9.9-67.7-36.2-93.9-26.2-26.2-58-34.4-93.9-36.2-37-2.1-147.9-2.1-184.9 0-35.8 1.7-67.6 9.9-93.9 36.1s-34.4 58-36.2 93.9c-2.1 37-2.1 147.9 0 184.9 1.7 35.9 9.9 67.7 36.2 93.9s58 34.4 93.9 36.2c37 2.1 147.9 2.1 184.9 0 35.9-1.7 67.7-9.9 93.9-36.2 26.2-26.2 34.4-58 36.2-93.9 2.1-37 2.1-147.8 0-184.8zM398.8 388c-7.8 19.6-22.9 34.7-42.6 42.6-29.5 11.7-99.5 9-132.1 9s-102.7 2.6-132.1-9c-19.6-7.8-34.7-22.9-42.6-42.6-11.7-29.5-9-99.5-9-132.1s-2.6-102.7 9-132.1c7.8-19.6 22.9-34.7 42.6-42.6 29.5-11.7 99.5-9 132.1-9s102.7-2.6 132.1 9c19.6 7.8 34.7 22.9 42.6 42.6 11.7 29.5 9 99.5 9 132.1s2.7 102.7-9 132.1z\"><\/path>\n                <\/svg>\t\t\t\t<span>Seguici su Instagram<\/span>\n\t\t\t<\/a>\n\t\t<\/span>\n\t\n<\/div>\n\t\t<span class=\"sbi_resized_image_data\" data-feed-id=\"*1\"\n\t\t  data-resized=\"{&quot;18245590102219638&quot;:{&quot;id&quot;:&quot;418725412_970619607938779_2166206248821837043_n&quot;,&quot;ratio&quot;:&quot;1.00&quot;,&quot;sizes&quot;:{&quot;full&quot;:640,&quot;low&quot;:320,&quot;thumb&quot;:150},&quot;extension&quot;:&quot;.jpg&quot;},&quot;18027342475812771&quot;:{&quot;id&quot;:&quot;418171527_970030897997650_1106793200619856803_n&quot;,&quot;ratio&quot;:&quot;1.00&quot;,&quot;sizes&quot;:{&quot;full&quot;:640,&quot;low&quot;:320,&quot;thumb&quot;:150},&quot;extension&quot;:&quot;.jpg&quot;},&quot;18422335510005376&quot;:{&quot;id&quot;:&quot;417545123_967546098246130_7923372279888455804_n&quot;,&quot;ratio&quot;:&quot;1.00&quot;,&quot;sizes&quot;:{&quot;full&quot;:640,&quot;low&quot;:320,&quot;thumb&quot;:150},&quot;extension&quot;:&quot;.jpg&quot;},&quot;17951999039756894&quot;:{&quot;id&quot;:&quot;417492130_966959024971504_8042194070401137462_n&quot;,&quot;ratio&quot;:&quot;1.00&quot;,&quot;sizes&quot;:{&quot;full&quot;:640,&quot;low&quot;:320,&quot;thumb&quot;:150},&quot;extension&quot;:&quot;.jpg&quot;}}\">\n\t<\/span>\n\t<\/div>\n\n[\/vc_column_text][vc_empty_space][vc_row_inner][vc_column_inner width=&#8221;1\/6&#8243;][vc_single_image image=&#8221;398&#8243; img_size=&#8221;full&#8221; alignment=&#8221;center&#8221; onclick=&#8221;custom_link&#8221; img_link_target=&#8221;_blank&#8221; el_class=&#8221;imgPartner&#8221; link=&#8221;https:\/\/www.energizer.eu\/it\/&#8221;][\/vc_column_inner][vc_column_inner width=&#8221;1\/6&#8243;][vc_single_image image=&#8221;38&#8243; img_size=&#8221;medium&#8221; alignment=&#8221;center&#8221; el_class=&#8221;imgPartner&#8221;][\/vc_column_inner][vc_column_inner width=&#8221;1\/6&#8243;][vc_single_image image=&#8221;400&#8243; img_size=&#8221;full&#8221; alignment=&#8221;center&#8221; onclick=&#8221;custom_link&#8221; img_link_target=&#8221;_blank&#8221; el_class=&#8221;imgPartner&#8221; link=&#8221;https:\/\/www.savethechildren.it\/&#8221;][\/vc_column_inner][vc_column_inner width=&#8221;1\/6&#8243;][vc_single_image image=&#8221;77&#8243; img_size=&#8221;medium&#8221; alignment=&#8221;center&#8221; el_class=&#8221;imgPartner&#8221;][\/vc_column_inner][vc_column_inner width=&#8221;1\/6&#8243;][vc_single_image image=&#8221;384&#8243; img_size=&#8221;medium&#8221; alignment=&#8221;center&#8221; onclick=&#8221;custom_link&#8221; img_link_target=&#8221;_blank&#8221; el_class=&#8221;imgPartner&#8221; link=&#8221;http:\/\/www.slowmusic-net.eu\/&#8221;][\/vc_column_inner][vc_column_inner width=&#8221;1\/6&#8243;][vc_single_image image=&#8221;396&#8243; img_size=&#8221;full&#8221; alignment=&#8221;center&#8221; onclick=&#8221;custom_link&#8221; img_link_target=&#8221;_blank&#8221; el_class=&#8221;imgPartner&#8221; link=&#8221;https:\/\/www.barleyarts.com\/&#8221;][\/vc_column_inner][\/vc_row_inner][\/vc_column][\/vc_row]<\/p>\n<\/div>","protected":false},"excerpt":{"rendered":"<p>[vc_row bg_type=&#8221;bg_color&#8221; bg_override=&#8221;ex-full&#8221; bg_color_value=&#8221;#000000&#8243;][vc_column width=&#8221;2\/3&#8243;][vc_custom_heading text=&#8221;&#8220;WE WILL ROCK YOU&#8220;, LA &#8220;ROCK OPERA&#8220; CON I SUCCESSI DEI QUEEN TORNA IN TOUR IN ITALIA CON UN ALLESTIMENTO TUTTO NUOVO (NO REPLICA)&#8221; font_container=&#8221;tag:h4|text_align:left|color:%23ff9900&#8243; el_class=&#8221;titleWwry&#8221;][vc_column_text el_class=&#8221;textInizialeWwry&#8221;]We Will Rock You &#8211; The Musical \u00e8 la storia emozionante di Galileo e di Scaramouche che, insieme ai ribelli Bohemians, in una societ\u00e0&hellip;<\/p>\n","protected":false},"author":1,"featured_media":0,"parent":0,"menu_order":0,"comment_status":"closed","ping_status":"closed","template":"","meta":{"footnotes":""},"class_list":["post-2","page","type-page","status-publish","hentry","description-off"],"_links":{"self":[{"href":"https:\/\/www.wewillrockyou-themusical.it\/index.php\/wp-json\/wp\/v2\/pages\/2","targetHints":{"allow":["GET"]}}],"collection":[{"href":"https:\/\/www.wewillrockyou-themusical.it\/index.php\/wp-json\/wp\/v2\/pages"}],"about":[{"href":"https:\/\/www.wewillrockyou-themusical.it\/index.php\/wp-json\/wp\/v2\/types\/page"}],"author":[{"embeddable":true,"href":"https:\/\/www.wewillrockyou-themusical.it\/index.php\/wp-json\/wp\/v2\/users\/1"}],"replies":[{"embeddable":true,"href":"https:\/\/www.wewillrockyou-themusical.it\/index.php\/wp-json\/wp\/v2\/comments?post=2"}],"version-history":[{"count":65,"href":"https:\/\/www.wewillrockyou-themusical.it\/index.php\/wp-json\/wp\/v2\/pages\/2\/revisions"}],"predecessor-version":[{"id":927,"href":"https:\/\/www.wewillrockyou-themusical.it\/index.php\/wp-json\/wp\/v2\/pages\/2\/revisions\/927"}],"wp:attachment":[{"href":"https:\/\/www.wewillrockyou-themusical.it\/index.php\/wp-json\/wp\/v2\/media?parent=2"}],"curies":[{"name":"wp","href":"https:\/\/api.w.org\/{rel}","templated":true}]}}